{"id":1690,"date":"2015-04-30T11:19:54","date_gmt":"2015-04-30T09:19:54","guid":{"rendered":"http:\/\/new.prehrada-pastviny.cz\/cs\/historie-prehrady-pastviny-2\/"},"modified":"2023-05-19T07:32:18","modified_gmt":"2023-05-19T05:32:18","slug":"historie-prehrady-pastviny","status":"publish","type":"page","link":"https:\/\/prehrada-pastviny.cz\/cs\/historie-prehrady-pastviny\/","title":{"rendered":"Historie p\u0159ehrady Pastviny"},"content":{"rendered":"<!--themify_builder_content-->\n<div id=\"themify_builder_content-1690\" data-postid=\"1690\" class=\"themify_builder_content themify_builder_content-1690 themify_builder tf_clear\">\n                    <div  data-lazy=\"1\" class=\"module_row themify_builder_row tb_p0dr766 tb_first tf_w\">\n            <span class=\"tb_row_frame_wrap tf_overflow tf_abs\" data-lazy=\"1\"><span class=\"tb_row_frame tb_row_frame_bottom  tf_abs tf_hide tf_overflow tf_w\"><\/span><\/span>            <div class=\"row_inner col_align_top tb_col_count_2 tf_box tf_rel\">\n                        <div  data-lazy=\"1\" class=\"module_column tb-column col3-2 tb_7vkn608 first\">\n                    <!-- module text -->\n<div  class=\"module module-text tb_d27a670  repeat \" data-lazy=\"1\">\n        <div  class=\"tb_text_wrap\">\n        <h1 id=\"page-title\" class=\"page__title title\">Historie p\u0159ehrady Pastviny<\/h1>\n<p>\u0158eka Divok\u00e1 Orlice v d\u00e1vn\u00fdch dob\u00e1ch pravideln\u011b zp\u016fsobovala povodn\u011b, kter\u00e9 ni\u010dily majetek lid\u00ed \u017eij\u00edc\u00edch v jej\u00edm okol\u00ed.<\/p>\n<p>Dlouhodob\u011b se o z\u0159\u00edzen\u00ed p\u0159ehrad na Orlici uva\u017eovalo a jedna z nich m\u011bla b\u00fdt dle pl\u00e1nu podle studie vypracovan\u00e9 Ing. Dr. Radou\u0161em v roce 1909 vybudov\u00e1na u Neko\u0159e.<\/p>    <\/div>\n<\/div>\n<!-- \/module text -->        <\/div>\n                    <div  data-lazy=\"1\" class=\"module_column tb-column col3-1 tb_ejwy666 last\">\n                            <\/div>\n                        <\/div>\n        <\/div>\n                        <div  data-lazy=\"1\" class=\"module_row themify_builder_row tb_dgqt829 tf_w\">\n                        <div class=\"row_inner col_align_top tb_col_count_1 tf_box tf_rel\">\n                        <div  data-lazy=\"1\" class=\"module_column tb-column col-full tb_ttkg829 first\">\n                    <!-- module text -->\n<div  class=\"module module-text tb_tgh3162   \" data-lazy=\"1\">\n        <div  class=\"tb_text_wrap\">\n        <h2>P\u0159ehrada Pastviny a jej\u00ed historie<\/h2>\n<p>Dlouhodob\u011b se o m\u00edst\u011b, kde by m\u011bla b\u00fdt p\u0159ehrada vybudov\u00e1na vedly spory mezi z\u00e1stupci horn\u00edho a doln\u00edho povod\u00ed Divok\u00e9 Orlice. Horn\u00ed povod\u00ed prosazovalo v\u00fdstavbu v Pastvin\u00e1ch na\u010de\u017e doln\u00ed povod\u00ed u Pot\u0161tejna. D\u00edky geologick\u00fdm vrt\u016fm, kter\u00e9 v Pot\u0161tejn\u011b nedopadly dob\u0159e m\u016f\u017eete dodnes nav\u0161t\u011bvovat Anensk\u00e9 \u00fadol\u00ed s\u00a0<a href=\"http:\/\/www.kempwestern.cz\" target=\"_blank\" rel=\"noopener\">t\u00e1bo\u0159i\u0161t\u011bm Vocht\u00e1nka<\/a>, kter\u00e9 mohlo zmizet pod hladinou stejn\u011b, jako zmizela \u010d\u00e1st obce Pastviny.\u00a0<\/p>\n<p class=\"rtejustify\">Prvn\u00ed \u00favaha o vhodnosti \u00fadol\u00ed k v\u00fdstavb\u011b p\u0159ehrady se datuje do roku 1908, kdy ing. Franti\u0161ek Radou\u0161 ozna\u010dil Neko\u0159 jako m\u00edsto vhodn\u00e9 pro stavbu vodn\u00edho d\u00edla. V roce 1912 Dr. Otakar Trnka tehdej\u0161\u00ed ministr ve\u0159ejn\u00fdch v\u011bc\u00ed nav\u0161t\u00edvil Neko\u0159, aby se na m\u00edsto pod\u00edval. O tom, \u017ee \u010d\u00e1st malebn\u00e9 obce Pastviny za nedlouho zmiz\u00ed pod vodn\u00ed hladinou se za\u010dalo pov\u00eddat v roce 1924. V tomt\u00e9\u017e roce tak\u00e9 zak\u00e1zali stav\u011bt jak\u00e9koliv novostavby v m\u00edstech ur\u010den\u00fdch k zatopen\u00ed a vzniku \u00fadoln\u00ed p\u0159ehrady. Pastvinsk\u00e1 p\u0159ehrada se za\u010dala stav\u011bt v roce 1933 a v\u00fdstavba trvala 5 let tedy do roku 1938. V\u00fdstavbu zn\u00e1m\u00e9ho Pastvinsk\u00e9ho viaduktu provedla firma Velfl\u00edk Praha a hr\u00e1z Pastvinsk\u00e9 p\u0159ehrady v\u010detn\u011b vodn\u00ed elektr\u00e1rny vystav\u011bla pra\u017esk\u00e1 stavebn\u00ed firma ing. M. a F. Pa\u017eoutovi. Jeliko\u017e v\u00fdstavba hr\u00e1ze se uskute\u010dnila pr\u00e1v\u011b v obdob\u00ed ekonomick\u00e9 krize \u00a0rozhodlo tehdy ministerstvo pr\u00e1ce o tom, \u017ee bude vystav\u011bna z kamene, aby byl zam\u011bstn\u00e1n co nejv\u011bt\u0161\u00ed po\u010det lid\u00ed. N\u00e1klady na stavbu tehdy byly 40 mil. K\u010d a z t\u00e9to \u010d\u00e1stky bylo 10 mil. K\u010d pou\u017eito na technologie vodn\u00ed elektr\u00e1rny. Jeliko\u017e v t\u00e9 dob\u011b byl ji\u017e b\u011b\u017en\u011b vyu\u017e\u00edv\u00e1n p\u0159i podobn\u00fdch stavb\u00e1ch beton jedn\u00e1 o posledn\u00ed kamennou hr\u00e1z v \u010cR. Ka\u017ed\u00fd z kamen\u016f, kter\u00fd byl na stavbu hr\u00e1ze pou\u017eit byl ru\u010dn\u011b o\u010di\u0161t\u011bn ocelov\u00fdm kart\u00e1\u010dem, aby tlak vody na st\u011bnu p\u0159ehrady nevymlel ne\u010distoty z kamen\u016f a t\u00edm nedoch\u00e1zelo ke vzniku skulinek, kter\u00e9 by se zv\u011bt\u0161ovali a zp\u016fsobovali net\u011bsnost p\u0159ehrady. K\u00e1men na stavbu byl t\u011b\u017een v p\u0159ilehl\u00fdch lomech.<\/p>\n<h3 class=\"rtejustify\">Tehdej\u0161\u00ed rozpo\u010det v\u00fddaj\u016f na stavbu \u00fadoln\u00ed p\u0159ehrady u Pastvin<\/h3>\n<ol>\n<li>156130,00 K\u010d \u2013 Ochrann\u00fd betonov\u00fd provizorn\u00ed jez<\/li>\n<li>25319762,00 K\u010d \u2013 Hr\u00e1z, v\u00fdvar a kask\u00e1dy<\/li>\n<li>168300,00 K\u010d \u2013 Stavba domku pro hr\u00e1zn\u00e9ho<\/li>\n<li>1647767,20 K\u010d \u2013 P\u0159elo\u017een\u00ed komunikace<\/li>\n<li>1430590,50 K\u010d \u2013 Stavba a p\u0159elo\u017een\u00ed mostu<\/li>\n<li>20000,00 K\u010d \u2013 Z\u0159\u00edzen\u00ed budky pro limnigraf<\/li>\n<li>50000,00 K\u010d \u2013 z\u0159\u00edzen\u00ed tel. linky z Kl\u00e1\u0161terce nad Orlic\u00ed na hr\u00e1z<\/li>\n<li>5579668,60 K\u010d \u2013 v\u00fdkup pozemk\u016f a budov\u00a0<\/li>\n<li>260000,00 K\u010d \u2013 Stavebn\u00ed dozor, komise<\/li>\n<li>5367387,70 K\u010d \u2013\u00a0Na nep\u0159edv\u00eddan\u00e9 v\u00fddaje<\/li>\n<\/ol>\n<p><strong>Rozpo\u010det celkem 40 000 000, 00 K\u010d<\/strong><\/p>\n<p><b>Kne\u010dn\u00e1 cena vodn\u00edho d\u00edla Pastviny \u010dinila 47 000 000,- K\u010d\u00a0<\/b><\/p>\n<ul>\n<li><b>z toho bylo d\u011bln\u00edk\u016fm za pr\u00e1ci \u00a0vyplaceno 11 708 830,- K\u010d<\/b><\/li>\n<li><b>za v\u00fdkup pozemk\u016f a usedlost\u00ed 7 800 000,- K\u010d<\/b><\/li>\n<\/ul>    <\/div>\n<\/div>\n<!-- \/module text --><!-- module plain text -->\n<div  class=\"module module-plain-text tb_hct7814 \" data-lazy=\"1\">\n        <div class=\"tb_text_wrap\">\n    <script>if(typeof(window.jsScriptOutputted)==\"undefined\"){var jsScriptOutputted=true;var jsScript=document.createElement(\"script\");jsScript.type=\"text\/javascript\";jsScript.src=\"https:\/\/vltava.rozhlas.cz\/sites\/all\/libraries\/responsive-external-embeds\/cro_responsiveexternalembeds.min.js\";jsScript.onload=function(){};document.head.appendChild(jsScript);}<\/script><iframe name=\"embed-6036567\" class=\"cro-embed__parent\" frameBorder=\"0\" scrolling=\"no\" allowfullscreen src=\"https:\/\/pardubice.rozhlas.cz\/cro_soundmanager\/files\/6036567\/body?fid=6309081\"><\/iframe>    <\/div>\n<\/div>\n<!-- \/module plain text -->        <\/div>\n                        <\/div>\n        <\/div>\n                        <div  data-lazy=\"1\" class=\"module_row themify_builder_row tb_5l7r812 tf_w\">\n                        <div class=\"row_inner col_align_top tb_col_count_1 tf_box tf_rel\">\n                        <div  data-lazy=\"1\" class=\"module_column tb-column col-full tb_vsxe812 first\">\n                    <!-- module text -->\n<div  class=\"module module-text tb_vnh2534   \" data-lazy=\"1\">\n        <div  class=\"tb_text_wrap\">\n        <h2>Historick\u00e9 fotografie z obce Pastviny p\u0159ed zatopen\u00edm a z v\u00fdstavby p\u0159ehrady<\/h2>    <\/div>\n<\/div>\n<!-- \/module text -->        <\/div>\n                        <\/div>\n        <\/div>\n                        <div  data-lazy=\"1\" class=\"module_row themify_builder_row tb_8fcf443 tf_w\">\n                        <div class=\"row_inner col_align_top tb_col_count_1 tf_box tf_rel\">\n                        <div  data-lazy=\"1\" class=\"module_column tb-column col-full tb_hk4a444 first\">\n                    <!-- module gallery -->\n<div  class=\"module gallery module-gallery tb_wpuo281 layout-grid  \" data-lazy=\"1\">\n    <div class=\"module-gallery-grid\" style=\"--gald:4;--galt:4;--galm:4\">\n            <dl class=\"gallery-item\">\n            <dt class=\"gallery-icon\">\n            <a data-title=\"\" title=\"\" href=\"https:\/\/prehrada-pastviny.cz\/wp-content\/uploads\/2023\/03\/pastviny_33.jpg\" data-rel=\"tb_wpuo281\" class=\"themify_lightbox\"><img loading=\"lazy\" decoding=\"async\" src=\"https:\/\/prehrada-pastviny.cz\/wp-content\/uploads\/2023\/03\/pastviny_33-300x200.jpg\" width=\"300\" height=\"200\" class=\"wp-post-image wp-image-2185\" title=\"pastviny_33\" alt=\"pastviny_33\"><\/a>            <\/dt>\n                    <\/dl>\n            <dl class=\"gallery-item\">\n            <dt class=\"gallery-icon\">\n            <a data-title=\"\" title=\"\" href=\"https:\/\/prehrada-pastviny.cz\/wp-content\/uploads\/2023\/03\/pastviny_32.jpg\" data-rel=\"tb_wpuo281\" class=\"themify_lightbox\"><img loading=\"lazy\" decoding=\"async\" src=\"https:\/\/prehrada-pastviny.cz\/wp-content\/uploads\/2023\/03\/pastviny_32-300x200.jpg\" width=\"300\" height=\"200\" class=\"wp-post-image wp-image-2186\" title=\"pastviny_32\" alt=\"pastviny_32\"><\/a>            <\/dt>\n                    <\/dl>\n            <dl class=\"gallery-item\">\n            <dt class=\"gallery-icon\">\n            <a data-title=\"\" title=\"\" href=\"https:\/\/prehrada-pastviny.cz\/wp-content\/uploads\/2023\/03\/pastviny_31.jpg\" data-rel=\"tb_wpuo281\" class=\"themify_lightbox\"><img loading=\"lazy\" decoding=\"async\" src=\"https:\/\/prehrada-pastviny.cz\/wp-content\/uploads\/2023\/03\/pastviny_31-300x200.jpg\" width=\"300\" height=\"200\" class=\"wp-post-image wp-image-2187\" title=\"pastviny_31\" alt=\"pastviny_31\"><\/a>            <\/dt>\n                    <\/dl>\n            <dl class=\"gallery-item\">\n            <dt class=\"gallery-icon\">\n            <a data-title=\"\" title=\"\" href=\"https:\/\/prehrada-pastviny.cz\/wp-content\/uploads\/2023\/03\/pastviny_30.jpg\" data-rel=\"tb_wpuo281\" class=\"themify_lightbox\"><img loading=\"lazy\" decoding=\"async\" src=\"https:\/\/prehrada-pastviny.cz\/wp-content\/uploads\/2023\/03\/pastviny_30-300x200.jpg\" width=\"300\" height=\"200\" class=\"wp-post-image wp-image-2188\" title=\"pastviny_30\" alt=\"pastviny_30\"><\/a>            <\/dt>\n                    <\/dl>\n            <dl class=\"gallery-item\">\n            <dt class=\"gallery-icon\">\n            <a data-title=\"\" title=\"\" href=\"https:\/\/prehrada-pastviny.cz\/wp-content\/uploads\/2023\/03\/pastviny_29.jpg\" data-rel=\"tb_wpuo281\" class=\"themify_lightbox\"><img loading=\"lazy\" decoding=\"async\" src=\"https:\/\/prehrada-pastviny.cz\/wp-content\/uploads\/2023\/03\/pastviny_29-300x200.jpg\" width=\"300\" height=\"200\" class=\"wp-post-image wp-image-2189\" title=\"pastviny_29\" alt=\"pastviny_29\"><\/a>            <\/dt>\n                    <\/dl>\n            <dl class=\"gallery-item\">\n            <dt class=\"gallery-icon\">\n            <a data-title=\"\" title=\"\" href=\"https:\/\/prehrada-pastviny.cz\/wp-content\/uploads\/2023\/03\/pastviny_28.jpg\" data-rel=\"tb_wpuo281\" class=\"themify_lightbox\"><img loading=\"lazy\" decoding=\"async\" src=\"https:\/\/prehrada-pastviny.cz\/wp-content\/uploads\/2023\/03\/pastviny_28-300x200.jpg\" width=\"300\" height=\"200\" class=\"wp-post-image wp-image-2190\" title=\"pastviny_28\" alt=\"pastviny_28\"><\/a>            <\/dt>\n                    <\/dl>\n            <dl class=\"gallery-item\">\n            <dt class=\"gallery-icon\">\n            <a data-title=\"\" title=\"\" href=\"https:\/\/prehrada-pastviny.cz\/wp-content\/uploads\/2023\/03\/pastviny_27.jpg\" data-rel=\"tb_wpuo281\" class=\"themify_lightbox\"><img loading=\"lazy\" decoding=\"async\" src=\"https:\/\/prehrada-pastviny.cz\/wp-content\/uploads\/2023\/03\/pastviny_27-300x200.jpg\" width=\"300\" height=\"200\" class=\"wp-post-image wp-image-2191\" title=\"pastviny_27\" alt=\"pastviny_27\"><\/a>            <\/dt>\n                    <\/dl>\n            <dl class=\"gallery-item\">\n            <dt class=\"gallery-icon\">\n            <a data-title=\"\" title=\"\" href=\"https:\/\/prehrada-pastviny.cz\/wp-content\/uploads\/2023\/03\/pastviny_26.jpg\" data-rel=\"tb_wpuo281\" class=\"themify_lightbox\"><img loading=\"lazy\" decoding=\"async\" src=\"https:\/\/prehrada-pastviny.cz\/wp-content\/uploads\/2023\/03\/pastviny_26-300x200.jpg\" width=\"300\" height=\"200\" class=\"wp-post-image wp-image-2192\" title=\"pastviny_26\" alt=\"pastviny_26\"><\/a>            <\/dt>\n                    <\/dl>\n            <dl class=\"gallery-item\">\n            <dt class=\"gallery-icon\">\n            <a data-title=\"\" title=\"\" href=\"https:\/\/prehrada-pastviny.cz\/wp-content\/uploads\/2023\/03\/pastviny_25.jpg\" data-rel=\"tb_wpuo281\" class=\"themify_lightbox\"><img loading=\"lazy\" decoding=\"async\" src=\"https:\/\/prehrada-pastviny.cz\/wp-content\/uploads\/2023\/03\/pastviny_25-300x200.jpg\" width=\"300\" height=\"200\" class=\"wp-post-image wp-image-2193\" title=\"pastviny_25\" alt=\"pastviny_25\"><\/a>            <\/dt>\n                    <\/dl>\n            <dl class=\"gallery-item\">\n            <dt class=\"gallery-icon\">\n            <a data-title=\"\" title=\"\" href=\"https:\/\/prehrada-pastviny.cz\/wp-content\/uploads\/2023\/03\/pastviny_24.jpg\" data-rel=\"tb_wpuo281\" class=\"themify_lightbox\"><img loading=\"lazy\" decoding=\"async\" src=\"https:\/\/prehrada-pastviny.cz\/wp-content\/uploads\/2023\/03\/pastviny_24-300x200.jpg\" width=\"300\" height=\"200\" class=\"wp-post-image wp-image-2194\" title=\"pastviny_24\" alt=\"pastviny_24\"><\/a>            <\/dt>\n                    <\/dl>\n            <dl class=\"gallery-item\">\n            <dt class=\"gallery-icon\">\n            <a data-title=\"\" title=\"\" href=\"https:\/\/prehrada-pastviny.cz\/wp-content\/uploads\/2023\/03\/pastviny_23.jpg\" data-rel=\"tb_wpuo281\" class=\"themify_lightbox\"><img loading=\"lazy\" decoding=\"async\" src=\"https:\/\/prehrada-pastviny.cz\/wp-content\/uploads\/2023\/03\/pastviny_23-300x200.jpg\" width=\"300\" height=\"200\" class=\"wp-post-image wp-image-2195\" title=\"pastviny_23\" alt=\"pastviny_23\" srcset=\"https:\/\/prehrada-pastviny.cz\/wp-content\/uploads\/2023\/03\/pastviny_23-300x200.jpg 300w, https:\/\/prehrada-pastviny.cz\/wp-content\/uploads\/2023\/03\/pastviny_23-768x511.jpg 768w, https:\/\/prehrada-pastviny.cz\/wp-content\/uploads\/2023\/03\/pastviny_23.jpg 902w\" sizes=\"auto, (max-width: 300px) 100vw, 300px\" \/><\/a>            <\/dt>\n                    <\/dl>\n            <dl class=\"gallery-item\">\n            <dt class=\"gallery-icon\">\n            <a data-title=\"\" title=\"\" href=\"https:\/\/prehrada-pastviny.cz\/wp-content\/uploads\/2023\/03\/pastviny_22.jpg\" data-rel=\"tb_wpuo281\" class=\"themify_lightbox\"><img loading=\"lazy\" decoding=\"async\" src=\"https:\/\/prehrada-pastviny.cz\/wp-content\/uploads\/2023\/03\/pastviny_22-300x200.jpg\" width=\"300\" height=\"200\" class=\"wp-post-image wp-image-2196\" title=\"pastviny_22\" alt=\"pastviny_22\"><\/a>            <\/dt>\n                    <\/dl>\n            <dl class=\"gallery-item\">\n            <dt class=\"gallery-icon\">\n            <a data-title=\"\" title=\"\" href=\"https:\/\/prehrada-pastviny.cz\/wp-content\/uploads\/2023\/03\/pastviny_21.jpg\" data-rel=\"tb_wpuo281\" class=\"themify_lightbox\"><img loading=\"lazy\" decoding=\"async\" src=\"https:\/\/prehrada-pastviny.cz\/wp-content\/uploads\/2023\/03\/pastviny_21-300x200.jpg\" width=\"300\" height=\"200\" class=\"wp-post-image wp-image-2197\" title=\"pastviny_21\" alt=\"pastviny_21\"><\/a>            <\/dt>\n                    <\/dl>\n            <dl class=\"gallery-item\">\n            <dt class=\"gallery-icon\">\n            <a data-title=\"\" title=\"\" href=\"https:\/\/prehrada-pastviny.cz\/wp-content\/uploads\/2023\/03\/pastviny_20.jpg\" data-rel=\"tb_wpuo281\" class=\"themify_lightbox\"><img loading=\"lazy\" decoding=\"async\" src=\"https:\/\/prehrada-pastviny.cz\/wp-content\/uploads\/2023\/03\/pastviny_20-300x200.jpg\" width=\"300\" height=\"200\" class=\"wp-post-image wp-image-2198\" title=\"pastviny_20\" alt=\"pastviny_20\"><\/a>            <\/dt>\n                    <\/dl>\n            <dl class=\"gallery-item\">\n            <dt class=\"gallery-icon\">\n            <a data-title=\"\" title=\"\" href=\"https:\/\/prehrada-pastviny.cz\/wp-content\/uploads\/2023\/03\/pastviny_19.jpg\" data-rel=\"tb_wpuo281\" class=\"themify_lightbox\"><img loading=\"lazy\" decoding=\"async\" src=\"https:\/\/prehrada-pastviny.cz\/wp-content\/uploads\/2023\/03\/pastviny_19-300x200.jpg\" width=\"300\" height=\"200\" class=\"wp-post-image wp-image-2199\" title=\"pastviny_19\" alt=\"pastviny_19\"><\/a>            <\/dt>\n                    <\/dl>\n            <dl class=\"gallery-item\">\n            <dt class=\"gallery-icon\">\n            <a data-title=\"\" title=\"\" href=\"https:\/\/prehrada-pastviny.cz\/wp-content\/uploads\/2023\/03\/pastviny_18.jpg\" data-rel=\"tb_wpuo281\" class=\"themify_lightbox\"><img loading=\"lazy\" decoding=\"async\" src=\"https:\/\/prehrada-pastviny.cz\/wp-content\/uploads\/2023\/03\/pastviny_18-300x200.jpg\" width=\"300\" height=\"200\" class=\"wp-post-image wp-image-2200\" title=\"pastviny_18\" alt=\"pastviny_18\"><\/a>            <\/dt>\n                    <\/dl>\n            <dl class=\"gallery-item\">\n            <dt class=\"gallery-icon\">\n            <a data-title=\"\" title=\"\" href=\"https:\/\/prehrada-pastviny.cz\/wp-content\/uploads\/2023\/03\/pastviny_17.jpg\" data-rel=\"tb_wpuo281\" class=\"themify_lightbox\"><img loading=\"lazy\" decoding=\"async\" src=\"https:\/\/prehrada-pastviny.cz\/wp-content\/uploads\/2023\/03\/pastviny_17-300x200.jpg\" width=\"300\" height=\"200\" class=\"wp-post-image wp-image-2201\" title=\"pastviny_17\" alt=\"pastviny_17\"><\/a>            <\/dt>\n                    <\/dl>\n            <dl class=\"gallery-item\">\n            <dt class=\"gallery-icon\">\n            <a data-title=\"\" title=\"\" href=\"https:\/\/prehrada-pastviny.cz\/wp-content\/uploads\/2023\/03\/pastviny_16.jpg\" data-rel=\"tb_wpuo281\" class=\"themify_lightbox\"><img loading=\"lazy\" decoding=\"async\" src=\"https:\/\/prehrada-pastviny.cz\/wp-content\/uploads\/2023\/03\/pastviny_16-300x200.jpg\" width=\"300\" height=\"200\" class=\"wp-post-image wp-image-2202\" title=\"pastviny_16\" alt=\"pastviny_16\"><\/a>            <\/dt>\n                    <\/dl>\n            <dl class=\"gallery-item\">\n            <dt class=\"gallery-icon\">\n            <a data-title=\"\" title=\"\" href=\"https:\/\/prehrada-pastviny.cz\/wp-content\/uploads\/2023\/03\/pastviny_15.jpg\" data-rel=\"tb_wpuo281\" class=\"themify_lightbox\"><img loading=\"lazy\" decoding=\"async\" src=\"https:\/\/prehrada-pastviny.cz\/wp-content\/uploads\/2023\/03\/pastviny_15-300x200.jpg\" width=\"300\" height=\"200\" class=\"wp-post-image wp-image-2203\" title=\"pastviny_15\" alt=\"pastviny_15\"><\/a>            <\/dt>\n                    <\/dl>\n            <dl class=\"gallery-item\">\n            <dt class=\"gallery-icon\">\n            <a data-title=\"\" title=\"\" href=\"https:\/\/prehrada-pastviny.cz\/wp-content\/uploads\/2023\/03\/pastviny_14.jpg\" data-rel=\"tb_wpuo281\" class=\"themify_lightbox\"><img loading=\"lazy\" decoding=\"async\" src=\"https:\/\/prehrada-pastviny.cz\/wp-content\/uploads\/2023\/03\/pastviny_14-300x200.jpg\" width=\"300\" height=\"200\" class=\"wp-post-image wp-image-2204\" title=\"pastviny_14\" alt=\"pastviny_14\"><\/a>            <\/dt>\n                    <\/dl>\n            <dl class=\"gallery-item\">\n            <dt class=\"gallery-icon\">\n            <a data-title=\"\" title=\"\" href=\"https:\/\/prehrada-pastviny.cz\/wp-content\/uploads\/2023\/03\/pastviny_13.jpg\" data-rel=\"tb_wpuo281\" class=\"themify_lightbox\"><img loading=\"lazy\" decoding=\"async\" src=\"https:\/\/prehrada-pastviny.cz\/wp-content\/uploads\/2023\/03\/pastviny_13-300x200.jpg\" width=\"300\" height=\"200\" class=\"wp-post-image wp-image-2205\" title=\"pastviny_13\" alt=\"pastviny_13\"><\/a>            <\/dt>\n                    <\/dl>\n            <dl class=\"gallery-item\">\n            <dt class=\"gallery-icon\">\n            <a data-title=\"\" title=\"\" href=\"https:\/\/prehrada-pastviny.cz\/wp-content\/uploads\/2023\/03\/pastviny_12.jpg\" data-rel=\"tb_wpuo281\" class=\"themify_lightbox\"><img loading=\"lazy\" decoding=\"async\" src=\"https:\/\/prehrada-pastviny.cz\/wp-content\/uploads\/2023\/03\/pastviny_12-300x200.jpg\" width=\"300\" height=\"200\" class=\"wp-post-image wp-image-2206\" title=\"pastviny_12\" alt=\"pastviny_12\"><\/a>            <\/dt>\n                    <\/dl>\n            <dl class=\"gallery-item\">\n            <dt class=\"gallery-icon\">\n            <a data-title=\"\" title=\"\" href=\"https:\/\/prehrada-pastviny.cz\/wp-content\/uploads\/2023\/03\/pastviny_11.jpg\" data-rel=\"tb_wpuo281\" class=\"themify_lightbox\"><img loading=\"lazy\" decoding=\"async\" src=\"https:\/\/prehrada-pastviny.cz\/wp-content\/uploads\/2023\/03\/pastviny_11-300x200.jpg\" width=\"300\" height=\"200\" class=\"wp-post-image wp-image-2207\" title=\"pastviny_11\" alt=\"pastviny_11\"><\/a>            <\/dt>\n                    <\/dl>\n            <dl class=\"gallery-item\">\n            <dt class=\"gallery-icon\">\n            <a data-title=\"\" title=\"\" href=\"https:\/\/prehrada-pastviny.cz\/wp-content\/uploads\/2023\/03\/pastviny_10.jpg\" data-rel=\"tb_wpuo281\" class=\"themify_lightbox\"><img loading=\"lazy\" decoding=\"async\" src=\"https:\/\/prehrada-pastviny.cz\/wp-content\/uploads\/2023\/03\/pastviny_10-300x200.jpg\" width=\"300\" height=\"200\" class=\"wp-post-image wp-image-2208\" title=\"pastviny_10\" alt=\"pastviny_10\"><\/a>            <\/dt>\n                    <\/dl>\n            <dl class=\"gallery-item\">\n            <dt class=\"gallery-icon\">\n            <a data-title=\"\" title=\"\" href=\"https:\/\/prehrada-pastviny.cz\/wp-content\/uploads\/2023\/03\/pastviny_09.jpg\" data-rel=\"tb_wpuo281\" class=\"themify_lightbox\"><img loading=\"lazy\" decoding=\"async\" src=\"https:\/\/prehrada-pastviny.cz\/wp-content\/uploads\/2023\/03\/pastviny_09-300x200.jpg\" width=\"300\" height=\"200\" class=\"wp-post-image wp-image-2209\" title=\"pastviny_09\" alt=\"pastviny_09\"><\/a>            <\/dt>\n                    <\/dl>\n            <dl class=\"gallery-item\">\n            <dt class=\"gallery-icon\">\n            <a data-title=\"\" title=\"\" href=\"https:\/\/prehrada-pastviny.cz\/wp-content\/uploads\/2023\/03\/pastviny_07.jpg\" data-rel=\"tb_wpuo281\" class=\"themify_lightbox\"><img loading=\"lazy\" decoding=\"async\" src=\"https:\/\/prehrada-pastviny.cz\/wp-content\/uploads\/2023\/03\/pastviny_07-300x200.jpg\" width=\"300\" height=\"200\" class=\"wp-post-image wp-image-2210\" title=\"pastviny_07\" alt=\"pastviny_07\"><\/a>            <\/dt>\n                    <\/dl>\n            <dl class=\"gallery-item\">\n            <dt class=\"gallery-icon\">\n            <a data-title=\"\" title=\"\" href=\"https:\/\/prehrada-pastviny.cz\/wp-content\/uploads\/2023\/03\/pastviny_06.jpg\" data-rel=\"tb_wpuo281\" class=\"themify_lightbox\"><img loading=\"lazy\" decoding=\"async\" src=\"https:\/\/prehrada-pastviny.cz\/wp-content\/uploads\/2023\/03\/pastviny_06-300x200.jpg\" width=\"300\" height=\"200\" class=\"wp-post-image wp-image-2211\" title=\"pastviny_06\" alt=\"pastviny_06\"><\/a>            <\/dt>\n                    <\/dl>\n            <dl class=\"gallery-item\">\n            <dt class=\"gallery-icon\">\n            <a data-title=\"\" title=\"\" href=\"https:\/\/prehrada-pastviny.cz\/wp-content\/uploads\/2023\/03\/pastviny_05.jpg\" data-rel=\"tb_wpuo281\" class=\"themify_lightbox\"><img loading=\"lazy\" decoding=\"async\" src=\"https:\/\/prehrada-pastviny.cz\/wp-content\/uploads\/2023\/03\/pastviny_05-300x200.jpg\" width=\"300\" height=\"200\" class=\"wp-post-image wp-image-2212\" title=\"pastviny_05\" alt=\"pastviny_05\"><\/a>            <\/dt>\n                    <\/dl>\n            <dl class=\"gallery-item\">\n            <dt class=\"gallery-icon\">\n            <a data-title=\"\" title=\"\" href=\"https:\/\/prehrada-pastviny.cz\/wp-content\/uploads\/2023\/03\/pastviny_04_0.jpg\" data-rel=\"tb_wpuo281\" class=\"themify_lightbox\"><img loading=\"lazy\" decoding=\"async\" src=\"https:\/\/prehrada-pastviny.cz\/wp-content\/uploads\/2023\/03\/pastviny_04_0-300x200.jpg\" width=\"300\" height=\"200\" class=\"wp-post-image wp-image-2213\" title=\"pastviny_04_0\" alt=\"pastviny_04_0\"><\/a>            <\/dt>\n                    <\/dl>\n            <dl class=\"gallery-item\">\n            <dt class=\"gallery-icon\">\n            <a data-title=\"\" title=\"\" href=\"https:\/\/prehrada-pastviny.cz\/wp-content\/uploads\/2023\/03\/pastviny_03_0.jpg\" data-rel=\"tb_wpuo281\" class=\"themify_lightbox\"><img loading=\"lazy\" decoding=\"async\" src=\"https:\/\/prehrada-pastviny.cz\/wp-content\/uploads\/2023\/03\/pastviny_03_0-300x200.jpg\" width=\"300\" height=\"200\" class=\"wp-post-image wp-image-2214\" title=\"pastviny_03_0\" alt=\"pastviny_03_0\"><\/a>            <\/dt>\n                    <\/dl>\n            <dl class=\"gallery-item\">\n            <dt class=\"gallery-icon\">\n            <a data-title=\"\" title=\"\" href=\"https:\/\/prehrada-pastviny.cz\/wp-content\/uploads\/2023\/03\/pastviny_02_0.jpg\" data-rel=\"tb_wpuo281\" class=\"themify_lightbox\"><img loading=\"lazy\" decoding=\"async\" src=\"https:\/\/prehrada-pastviny.cz\/wp-content\/uploads\/2023\/03\/pastviny_02_0-300x200.jpg\" width=\"300\" height=\"200\" class=\"wp-post-image wp-image-2215\" title=\"pastviny_02_0\" alt=\"pastviny_02_0\"><\/a>            <\/dt>\n                    <\/dl>\n            <dl class=\"gallery-item\">\n            <dt class=\"gallery-icon\">\n            <a data-title=\"\" title=\"\" href=\"https:\/\/prehrada-pastviny.cz\/wp-content\/uploads\/2023\/03\/pastviny_01_1.jpg\" data-rel=\"tb_wpuo281\" class=\"themify_lightbox\"><img loading=\"lazy\" decoding=\"async\" src=\"https:\/\/prehrada-pastviny.cz\/wp-content\/uploads\/2023\/03\/pastviny_01_1-300x200.jpg\" width=\"300\" height=\"200\" class=\"wp-post-image wp-image-2216\" title=\"pastviny_01_1\" alt=\"pastviny_01_1\"><\/a>            <\/dt>\n                    <\/dl>\n            <dl class=\"gallery-item\">\n            <dt class=\"gallery-icon\">\n            <a data-title=\"\" title=\"\" href=\"https:\/\/prehrada-pastviny.cz\/wp-content\/uploads\/2023\/03\/obrzek48.jpg\" data-rel=\"tb_wpuo281\" class=\"themify_lightbox\"><img loading=\"lazy\" decoding=\"async\" src=\"https:\/\/prehrada-pastviny.cz\/wp-content\/uploads\/2023\/03\/obrzek48-300x200.jpg\" width=\"300\" height=\"200\" class=\"wp-post-image wp-image-2217\" title=\"obrzek48\" alt=\"obrzek48\"><\/a>            <\/dt>\n                    <\/dl>\n            <dl class=\"gallery-item\">\n            <dt class=\"gallery-icon\">\n            <a data-title=\"\" title=\"\" href=\"https:\/\/prehrada-pastviny.cz\/wp-content\/uploads\/2023\/03\/obrzek47.jpg\" data-rel=\"tb_wpuo281\" class=\"themify_lightbox\"><img loading=\"lazy\" decoding=\"async\" src=\"https:\/\/prehrada-pastviny.cz\/wp-content\/uploads\/2023\/03\/obrzek47-300x200.jpg\" width=\"300\" height=\"200\" class=\"wp-post-image wp-image-2218\" title=\"obrzek47\" alt=\"obrzek47\"><\/a>            <\/dt>\n                    <\/dl>\n            <dl class=\"gallery-item\">\n            <dt class=\"gallery-icon\">\n            <a data-title=\"\" title=\"\" href=\"https:\/\/prehrada-pastviny.cz\/wp-content\/uploads\/2023\/03\/obrzek46.jpg\" data-rel=\"tb_wpuo281\" class=\"themify_lightbox\"><img loading=\"lazy\" decoding=\"async\" src=\"https:\/\/prehrada-pastviny.cz\/wp-content\/uploads\/2023\/03\/obrzek46-300x200.jpg\" width=\"300\" height=\"200\" class=\"wp-post-image wp-image-2219\" title=\"obrzek46\" alt=\"obrzek46\"><\/a>            <\/dt>\n                    <\/dl>\n            <dl class=\"gallery-item\">\n            <dt class=\"gallery-icon\">\n            <a data-title=\"\" title=\"\" href=\"https:\/\/prehrada-pastviny.cz\/wp-content\/uploads\/2023\/03\/obrzek45.jpg\" data-rel=\"tb_wpuo281\" class=\"themify_lightbox\"><img loading=\"lazy\" decoding=\"async\" src=\"https:\/\/prehrada-pastviny.cz\/wp-content\/uploads\/2023\/03\/obrzek45-300x200.jpg\" width=\"300\" height=\"200\" class=\"wp-post-image wp-image-2220\" title=\"obrzek45\" alt=\"obrzek45\"><\/a>            <\/dt>\n                    <\/dl>\n            <dl class=\"gallery-item\">\n            <dt class=\"gallery-icon\">\n            <a data-title=\"\" title=\"\" href=\"https:\/\/prehrada-pastviny.cz\/wp-content\/uploads\/2023\/03\/obrzek44.jpg\" data-rel=\"tb_wpuo281\" class=\"themify_lightbox\"><img loading=\"lazy\" decoding=\"async\" src=\"https:\/\/prehrada-pastviny.cz\/wp-content\/uploads\/2023\/03\/obrzek44-300x200.jpg\" width=\"300\" height=\"200\" class=\"wp-post-image wp-image-2221\" title=\"obrzek44\" alt=\"obrzek44\"><\/a>            <\/dt>\n                    <\/dl>\n            <dl class=\"gallery-item\">\n            <dt class=\"gallery-icon\">\n            <a data-title=\"\" title=\"\" href=\"https:\/\/prehrada-pastviny.cz\/wp-content\/uploads\/2023\/03\/obrzek43.jpg\" data-rel=\"tb_wpuo281\" class=\"themify_lightbox\"><img loading=\"lazy\" decoding=\"async\" src=\"https:\/\/prehrada-pastviny.cz\/wp-content\/uploads\/2023\/03\/obrzek43-300x200.jpg\" width=\"300\" height=\"200\" class=\"wp-post-image wp-image-2222\" title=\"obrzek43\" alt=\"obrzek43\" srcset=\"https:\/\/prehrada-pastviny.cz\/wp-content\/uploads\/2023\/03\/obrzek43-300x200.jpg 300w, https:\/\/prehrada-pastviny.cz\/wp-content\/uploads\/2023\/03\/obrzek43-768x511.jpg 768w, https:\/\/prehrada-pastviny.cz\/wp-content\/uploads\/2023\/03\/obrzek43.jpg 901w\" sizes=\"auto, (max-width: 300px) 100vw, 300px\" \/><\/a>            <\/dt>\n                    <\/dl>\n            <dl class=\"gallery-item\">\n            <dt class=\"gallery-icon\">\n            <a data-title=\"\" title=\"\" href=\"https:\/\/prehrada-pastviny.cz\/wp-content\/uploads\/2023\/03\/obrzek42.jpg\" data-rel=\"tb_wpuo281\" class=\"themify_lightbox\"><img loading=\"lazy\" decoding=\"async\" src=\"https:\/\/prehrada-pastviny.cz\/wp-content\/uploads\/2023\/03\/obrzek42-300x200.jpg\" width=\"300\" height=\"200\" class=\"wp-post-image wp-image-2223\" title=\"obrzek42\" alt=\"obrzek42\"><\/a>            <\/dt>\n                    <\/dl>\n            <dl class=\"gallery-item\">\n            <dt class=\"gallery-icon\">\n            <a data-title=\"\" title=\"\" href=\"https:\/\/prehrada-pastviny.cz\/wp-content\/uploads\/2023\/03\/obrzek41.jpg\" data-rel=\"tb_wpuo281\" class=\"themify_lightbox\"><img loading=\"lazy\" decoding=\"async\" src=\"https:\/\/prehrada-pastviny.cz\/wp-content\/uploads\/2023\/03\/obrzek41-300x200.jpg\" width=\"300\" height=\"200\" class=\"wp-post-image wp-image-2224\" title=\"obrzek41\" alt=\"obrzek41\"><\/a>            <\/dt>\n                    <\/dl>\n            <dl class=\"gallery-item\">\n            <dt class=\"gallery-icon\">\n            <a data-title=\"\" title=\"\" href=\"https:\/\/prehrada-pastviny.cz\/wp-content\/uploads\/2023\/03\/obrzek39.jpg\" data-rel=\"tb_wpuo281\" class=\"themify_lightbox\"><img loading=\"lazy\" decoding=\"async\" src=\"https:\/\/prehrada-pastviny.cz\/wp-content\/uploads\/2023\/03\/obrzek39-300x200.jpg\" width=\"300\" height=\"200\" class=\"wp-post-image wp-image-2225\" title=\"obrzek39\" alt=\"obrzek39\"><\/a>            <\/dt>\n                    <\/dl>\n            <dl class=\"gallery-item\">\n            <dt class=\"gallery-icon\">\n            <a data-title=\"\" title=\"\" href=\"https:\/\/prehrada-pastviny.cz\/wp-content\/uploads\/2023\/03\/obrzek38.jpg\" data-rel=\"tb_wpuo281\" class=\"themify_lightbox\"><img loading=\"lazy\" decoding=\"async\" src=\"https:\/\/prehrada-pastviny.cz\/wp-content\/uploads\/2023\/03\/obrzek38-300x200.jpg\" width=\"300\" height=\"200\" class=\"wp-post-image wp-image-2226\" title=\"obrzek38\" alt=\"obrzek38\"><\/a>            <\/dt>\n                    <\/dl>\n            <dl class=\"gallery-item\">\n            <dt class=\"gallery-icon\">\n            <a data-title=\"\" title=\"\" href=\"https:\/\/prehrada-pastviny.cz\/wp-content\/uploads\/2023\/03\/obrzek37.jpg\" data-rel=\"tb_wpuo281\" class=\"themify_lightbox\"><img loading=\"lazy\" decoding=\"async\" src=\"https:\/\/prehrada-pastviny.cz\/wp-content\/uploads\/2023\/03\/obrzek37-300x200.jpg\" width=\"300\" height=\"200\" class=\"wp-post-image wp-image-2227\" title=\"obrzek37\" alt=\"obrzek37\"><\/a>            <\/dt>\n                    <\/dl>\n            <dl class=\"gallery-item\">\n            <dt class=\"gallery-icon\">\n            <a data-title=\"\" title=\"\" href=\"https:\/\/prehrada-pastviny.cz\/wp-content\/uploads\/2023\/03\/obrzek36.jpg\" data-rel=\"tb_wpuo281\" class=\"themify_lightbox\"><img loading=\"lazy\" decoding=\"async\" src=\"https:\/\/prehrada-pastviny.cz\/wp-content\/uploads\/2023\/03\/obrzek36-300x200.jpg\" width=\"300\" height=\"200\" class=\"wp-post-image wp-image-2228\" title=\"obrzek36\" alt=\"obrzek36\"><\/a>            <\/dt>\n                    <\/dl>\n            <dl class=\"gallery-item\">\n            <dt class=\"gallery-icon\">\n            <a data-title=\"\" title=\"\" href=\"https:\/\/prehrada-pastviny.cz\/wp-content\/uploads\/2023\/03\/obrzek35.jpg\" data-rel=\"tb_wpuo281\" class=\"themify_lightbox\"><img loading=\"lazy\" decoding=\"async\" src=\"https:\/\/prehrada-pastviny.cz\/wp-content\/uploads\/2023\/03\/obrzek35-300x200.jpg\" width=\"300\" height=\"200\" class=\"wp-post-image wp-image-2229\" title=\"obrzek35\" alt=\"obrzek35\"><\/a>            <\/dt>\n                    <\/dl>\n            <dl class=\"gallery-item\">\n            <dt class=\"gallery-icon\">\n            <a data-title=\"\" title=\"\" href=\"https:\/\/prehrada-pastviny.cz\/wp-content\/uploads\/2023\/03\/obrzek34.jpg\" data-rel=\"tb_wpuo281\" class=\"themify_lightbox\"><img loading=\"lazy\" decoding=\"async\" src=\"https:\/\/prehrada-pastviny.cz\/wp-content\/uploads\/2023\/03\/obrzek34-300x200.jpg\" width=\"300\" height=\"200\" class=\"wp-post-image wp-image-2230\" title=\"obrzek34\" alt=\"obrzek34\"><\/a>            <\/dt>\n                    <\/dl>\n            <dl class=\"gallery-item\">\n            <dt class=\"gallery-icon\">\n            <a data-title=\"\" title=\"\" href=\"https:\/\/prehrada-pastviny.cz\/wp-content\/uploads\/2023\/03\/obrzek31.jpg\" data-rel=\"tb_wpuo281\" class=\"themify_lightbox\"><img loading=\"lazy\" decoding=\"async\" src=\"https:\/\/prehrada-pastviny.cz\/wp-content\/uploads\/2023\/03\/obrzek31-300x200.jpg\" width=\"300\" height=\"200\" class=\"wp-post-image wp-image-2231\" title=\"obrzek31\" alt=\"obrzek31\"><\/a>            <\/dt>\n                    <\/dl>\n            <dl class=\"gallery-item\">\n            <dt class=\"gallery-icon\">\n            <a data-title=\"\" title=\"\" href=\"https:\/\/prehrada-pastviny.cz\/wp-content\/uploads\/2023\/03\/obrzek30.jpg\" data-rel=\"tb_wpuo281\" class=\"themify_lightbox\"><img loading=\"lazy\" decoding=\"async\" src=\"https:\/\/prehrada-pastviny.cz\/wp-content\/uploads\/2023\/03\/obrzek30-300x200.jpg\" width=\"300\" height=\"200\" class=\"wp-post-image wp-image-2232\" title=\"obrzek30\" alt=\"obrzek30\"><\/a>            <\/dt>\n                    <\/dl>\n            <dl class=\"gallery-item\">\n            <dt class=\"gallery-icon\">\n            <a data-title=\"\" title=\"\" href=\"https:\/\/prehrada-pastviny.cz\/wp-content\/uploads\/2023\/03\/obrzek29.jpg\" data-rel=\"tb_wpuo281\" class=\"themify_lightbox\"><img loading=\"lazy\" decoding=\"async\" src=\"https:\/\/prehrada-pastviny.cz\/wp-content\/uploads\/2023\/03\/obrzek29-300x200.jpg\" width=\"300\" height=\"200\" class=\"wp-post-image wp-image-2233\" title=\"obrzek29\" alt=\"obrzek29\"><\/a>            <\/dt>\n                    <\/dl>\n            <dl class=\"gallery-item\">\n            <dt class=\"gallery-icon\">\n            <a data-title=\"\" title=\"\" href=\"https:\/\/prehrada-pastviny.cz\/wp-content\/uploads\/2023\/03\/obrzek28.jpg\" data-rel=\"tb_wpuo281\" class=\"themify_lightbox\"><img loading=\"lazy\" decoding=\"async\" src=\"https:\/\/prehrada-pastviny.cz\/wp-content\/uploads\/2023\/03\/obrzek28-300x200.jpg\" width=\"300\" height=\"200\" class=\"wp-post-image wp-image-2234\" title=\"obrzek28\" alt=\"obrzek28\"><\/a>            <\/dt>\n                    <\/dl>\n            <dl class=\"gallery-item\">\n            <dt class=\"gallery-icon\">\n            <a data-title=\"\" title=\"\" href=\"https:\/\/prehrada-pastviny.cz\/wp-content\/uploads\/2023\/03\/obrzek26.jpg\" data-rel=\"tb_wpuo281\" class=\"themify_lightbox\"><img loading=\"lazy\" decoding=\"async\" src=\"https:\/\/prehrada-pastviny.cz\/wp-content\/uploads\/2023\/03\/obrzek26-300x200.jpg\" width=\"300\" height=\"200\" class=\"wp-post-image wp-image-2235\" title=\"obrzek26\" alt=\"obrzek26\"><\/a>            <\/dt>\n                    <\/dl>\n            <dl class=\"gallery-item\">\n            <dt class=\"gallery-icon\">\n            <a data-title=\"\" title=\"\" href=\"https:\/\/prehrada-pastviny.cz\/wp-content\/uploads\/2023\/03\/obrzek24.jpg\" data-rel=\"tb_wpuo281\" class=\"themify_lightbox\"><img loading=\"lazy\" decoding=\"async\" src=\"https:\/\/prehrada-pastviny.cz\/wp-content\/uploads\/2023\/03\/obrzek24-300x200.jpg\" width=\"300\" height=\"200\" class=\"wp-post-image wp-image-2236\" title=\"obrzek24\" alt=\"obrzek24\"><\/a>            <\/dt>\n                    <\/dl>\n            <dl class=\"gallery-item\">\n            <dt class=\"gallery-icon\">\n            <a data-title=\"\" title=\"\" href=\"https:\/\/prehrada-pastviny.cz\/wp-content\/uploads\/2023\/03\/obrzek23.jpg\" data-rel=\"tb_wpuo281\" class=\"themify_lightbox\"><img loading=\"lazy\" decoding=\"async\" src=\"https:\/\/prehrada-pastviny.cz\/wp-content\/uploads\/2023\/03\/obrzek23-300x200.jpg\" width=\"300\" height=\"200\" class=\"wp-post-image wp-image-2237\" title=\"obrzek23\" alt=\"obrzek23\"><\/a>            <\/dt>\n                    <\/dl>\n            <dl class=\"gallery-item\">\n            <dt class=\"gallery-icon\">\n            <a data-title=\"\" title=\"\" href=\"https:\/\/prehrada-pastviny.cz\/wp-content\/uploads\/2023\/03\/obrzek22.jpg\" data-rel=\"tb_wpuo281\" class=\"themify_lightbox\"><img loading=\"lazy\" decoding=\"async\" src=\"https:\/\/prehrada-pastviny.cz\/wp-content\/uploads\/2023\/03\/obrzek22-300x200.jpg\" width=\"300\" height=\"200\" class=\"wp-post-image wp-image-2238\" title=\"obrzek22\" alt=\"obrzek22\"><\/a>            <\/dt>\n                    <\/dl>\n            <dl class=\"gallery-item\">\n            <dt class=\"gallery-icon\">\n            <a data-title=\"\" title=\"\" href=\"https:\/\/prehrada-pastviny.cz\/wp-content\/uploads\/2023\/03\/obrzek21.jpg\" data-rel=\"tb_wpuo281\" class=\"themify_lightbox\"><img loading=\"lazy\" decoding=\"async\" src=\"https:\/\/prehrada-pastviny.cz\/wp-content\/uploads\/2023\/03\/obrzek21-300x200.jpg\" width=\"300\" height=\"200\" class=\"wp-post-image wp-image-2239\" title=\"obrzek21\" alt=\"obrzek21\"><\/a>            <\/dt>\n                    <\/dl>\n            <dl class=\"gallery-item\">\n            <dt class=\"gallery-icon\">\n            <a data-title=\"\" title=\"\" href=\"https:\/\/prehrada-pastviny.cz\/wp-content\/uploads\/2023\/03\/obrzek20.jpg\" data-rel=\"tb_wpuo281\" class=\"themify_lightbox\"><img loading=\"lazy\" decoding=\"async\" src=\"https:\/\/prehrada-pastviny.cz\/wp-content\/uploads\/2023\/03\/obrzek20-300x200.jpg\" width=\"300\" height=\"200\" class=\"wp-post-image wp-image-2240\" title=\"obrzek20\" alt=\"obrzek20\"><\/a>            <\/dt>\n                    <\/dl>\n            <dl class=\"gallery-item\">\n            <dt class=\"gallery-icon\">\n            <a data-title=\"\" title=\"\" href=\"https:\/\/prehrada-pastviny.cz\/wp-content\/uploads\/2023\/03\/obrzek18.jpg\" data-rel=\"tb_wpuo281\" class=\"themify_lightbox\"><img loading=\"lazy\" decoding=\"async\" src=\"https:\/\/prehrada-pastviny.cz\/wp-content\/uploads\/2023\/03\/obrzek18-300x200.jpg\" width=\"300\" height=\"200\" class=\"wp-post-image wp-image-2241\" title=\"obrzek18\" alt=\"obrzek18\"><\/a>            <\/dt>\n                    <\/dl>\n            <dl class=\"gallery-item\">\n            <dt class=\"gallery-icon\">\n            <a data-title=\"\" title=\"\" href=\"https:\/\/prehrada-pastviny.cz\/wp-content\/uploads\/2023\/03\/obrzek17.jpg\" data-rel=\"tb_wpuo281\" class=\"themify_lightbox\"><img loading=\"lazy\" decoding=\"async\" src=\"https:\/\/prehrada-pastviny.cz\/wp-content\/uploads\/2023\/03\/obrzek17-300x200.jpg\" width=\"300\" height=\"200\" class=\"wp-post-image wp-image-2242\" title=\"obrzek17\" alt=\"obrzek17\"><\/a>            <\/dt>\n                    <\/dl>\n            <dl class=\"gallery-item\">\n            <dt class=\"gallery-icon\">\n            <a data-title=\"\" title=\"\" href=\"https:\/\/prehrada-pastviny.cz\/wp-content\/uploads\/2023\/03\/obrzek16.jpg\" data-rel=\"tb_wpuo281\" class=\"themify_lightbox\"><img loading=\"lazy\" decoding=\"async\" src=\"https:\/\/prehrada-pastviny.cz\/wp-content\/uploads\/2023\/03\/obrzek16-300x200.jpg\" width=\"300\" height=\"200\" class=\"wp-post-image wp-image-2243\" title=\"obrzek16\" alt=\"obrzek16\"><\/a>            <\/dt>\n                    <\/dl>\n            <dl class=\"gallery-item\">\n            <dt class=\"gallery-icon\">\n            <a data-title=\"\" title=\"\" href=\"https:\/\/prehrada-pastviny.cz\/wp-content\/uploads\/2023\/03\/obrzek15.jpg\" data-rel=\"tb_wpuo281\" class=\"themify_lightbox\"><img loading=\"lazy\" decoding=\"async\" src=\"https:\/\/prehrada-pastviny.cz\/wp-content\/uploads\/2023\/03\/obrzek15-300x200.jpg\" width=\"300\" height=\"200\" class=\"wp-post-image wp-image-2244\" title=\"obrzek15\" alt=\"obrzek15\"><\/a>            <\/dt>\n                    <\/dl>\n            <dl class=\"gallery-item\">\n            <dt class=\"gallery-icon\">\n            <a data-title=\"\" title=\"\" href=\"https:\/\/prehrada-pastviny.cz\/wp-content\/uploads\/2023\/03\/obrzek14.jpg\" data-rel=\"tb_wpuo281\" class=\"themify_lightbox\"><img loading=\"lazy\" decoding=\"async\" src=\"https:\/\/prehrada-pastviny.cz\/wp-content\/uploads\/2023\/03\/obrzek14-300x200.jpg\" width=\"300\" height=\"200\" class=\"wp-post-image wp-image-2245\" title=\"obrzek14\" alt=\"obrzek14\"><\/a>            <\/dt>\n                    <\/dl>\n            <dl class=\"gallery-item\">\n            <dt class=\"gallery-icon\">\n            <a data-title=\"\" title=\"\" href=\"https:\/\/prehrada-pastviny.cz\/wp-content\/uploads\/2023\/03\/obrzek13.jpg\" data-rel=\"tb_wpuo281\" class=\"themify_lightbox\"><img loading=\"lazy\" decoding=\"async\" src=\"https:\/\/prehrada-pastviny.cz\/wp-content\/uploads\/2023\/03\/obrzek13-300x200.jpg\" width=\"300\" height=\"200\" class=\"wp-post-image wp-image-2246\" title=\"obrzek13\" alt=\"obrzek13\"><\/a>            <\/dt>\n                    <\/dl>\n            <dl class=\"gallery-item\">\n            <dt class=\"gallery-icon\">\n            <a data-title=\"\" title=\"\" href=\"https:\/\/prehrada-pastviny.cz\/wp-content\/uploads\/2023\/03\/obrzek12.jpg\" data-rel=\"tb_wpuo281\" class=\"themify_lightbox\"><img loading=\"lazy\" decoding=\"async\" src=\"https:\/\/prehrada-pastviny.cz\/wp-content\/uploads\/2023\/03\/obrzek12-300x200.jpg\" width=\"300\" height=\"200\" class=\"wp-post-image wp-image-2247\" title=\"obrzek12\" alt=\"obrzek12\"><\/a>            <\/dt>\n                    <\/dl>\n            <dl class=\"gallery-item\">\n            <dt class=\"gallery-icon\">\n            <a data-title=\"\" title=\"\" href=\"https:\/\/prehrada-pastviny.cz\/wp-content\/uploads\/2023\/03\/obrzek11.jpg\" data-rel=\"tb_wpuo281\" class=\"themify_lightbox\"><img loading=\"lazy\" decoding=\"async\" src=\"https:\/\/prehrada-pastviny.cz\/wp-content\/uploads\/2023\/03\/obrzek11-300x200.jpg\" width=\"300\" height=\"200\" class=\"wp-post-image wp-image-2248\" title=\"obrzek11\" alt=\"obrzek11\"><\/a>            <\/dt>\n                    <\/dl>\n            <dl class=\"gallery-item\">\n            <dt class=\"gallery-icon\">\n            <a data-title=\"\" title=\"\" href=\"https:\/\/prehrada-pastviny.cz\/wp-content\/uploads\/2023\/03\/obrzek10.jpg\" data-rel=\"tb_wpuo281\" class=\"themify_lightbox\"><img loading=\"lazy\" decoding=\"async\" src=\"https:\/\/prehrada-pastviny.cz\/wp-content\/uploads\/2023\/03\/obrzek10-300x200.jpg\" width=\"300\" height=\"200\" class=\"wp-post-image wp-image-2249\" title=\"obrzek10\" alt=\"obrzek10\"><\/a>            <\/dt>\n                    <\/dl>\n            <dl class=\"gallery-item\">\n            <dt class=\"gallery-icon\">\n            <a data-title=\"\" title=\"\" href=\"https:\/\/prehrada-pastviny.cz\/wp-content\/uploads\/2023\/03\/obrzek9.jpg\" data-rel=\"tb_wpuo281\" class=\"themify_lightbox\"><img loading=\"lazy\" decoding=\"async\" src=\"https:\/\/prehrada-pastviny.cz\/wp-content\/uploads\/2023\/03\/obrzek9-300x200.jpg\" width=\"300\" height=\"200\" class=\"wp-post-image wp-image-2250\" title=\"obrzek9\" alt=\"obrzek9\"><\/a>            <\/dt>\n                    <\/dl>\n            <dl class=\"gallery-item\">\n            <dt class=\"gallery-icon\">\n            <a data-title=\"\" title=\"\" href=\"https:\/\/prehrada-pastviny.cz\/wp-content\/uploads\/2023\/03\/obrzek8.jpg\" data-rel=\"tb_wpuo281\" class=\"themify_lightbox\"><img loading=\"lazy\" decoding=\"async\" src=\"https:\/\/prehrada-pastviny.cz\/wp-content\/uploads\/2023\/03\/obrzek8-300x200.jpg\" width=\"300\" height=\"200\" class=\"wp-post-image wp-image-2251\" title=\"obrzek8\" alt=\"obrzek8\"><\/a>            <\/dt>\n                    <\/dl>\n            <dl class=\"gallery-item\">\n            <dt class=\"gallery-icon\">\n            <a data-title=\"\" title=\"\" href=\"https:\/\/prehrada-pastviny.cz\/wp-content\/uploads\/2023\/03\/obrzek7.jpg\" data-rel=\"tb_wpuo281\" class=\"themify_lightbox\"><img loading=\"lazy\" decoding=\"async\" src=\"https:\/\/prehrada-pastviny.cz\/wp-content\/uploads\/2023\/03\/obrzek7-300x200.jpg\" width=\"300\" height=\"200\" class=\"wp-post-image wp-image-2252\" title=\"obrzek7\" alt=\"obrzek7\"><\/a>            <\/dt>\n                    <\/dl>\n            <dl class=\"gallery-item\">\n            <dt class=\"gallery-icon\">\n            <a data-title=\"\" title=\"\" href=\"https:\/\/prehrada-pastviny.cz\/wp-content\/uploads\/2023\/03\/obrzek6.jpg\" data-rel=\"tb_wpuo281\" class=\"themify_lightbox\"><img loading=\"lazy\" decoding=\"async\" src=\"https:\/\/prehrada-pastviny.cz\/wp-content\/uploads\/2023\/03\/obrzek6-300x200.jpg\" width=\"300\" height=\"200\" class=\"wp-post-image wp-image-2253\" title=\"obrzek6\" alt=\"obrzek6\" srcset=\"https:\/\/prehrada-pastviny.cz\/wp-content\/uploads\/2023\/03\/obrzek6-300x200.jpg 300w, https:\/\/prehrada-pastviny.cz\/wp-content\/uploads\/2023\/03\/obrzek6-768x511.jpg 768w, https:\/\/prehrada-pastviny.cz\/wp-content\/uploads\/2023\/03\/obrzek6.jpg 902w\" sizes=\"auto, (max-width: 300px) 100vw, 300px\" \/><\/a>            <\/dt>\n                    <\/dl>\n            <dl class=\"gallery-item\">\n            <dt class=\"gallery-icon\">\n            <a data-title=\"\" title=\"\" href=\"https:\/\/prehrada-pastviny.cz\/wp-content\/uploads\/2023\/03\/obrzek5.jpg\" data-rel=\"tb_wpuo281\" class=\"themify_lightbox\"><img loading=\"lazy\" decoding=\"async\" src=\"https:\/\/prehrada-pastviny.cz\/wp-content\/uploads\/2023\/03\/obrzek5-300x200.jpg\" width=\"300\" height=\"200\" class=\"wp-post-image wp-image-2254\" title=\"obrzek5\" alt=\"obrzek5\"><\/a>            <\/dt>\n                    <\/dl>\n            <dl class=\"gallery-item\">\n            <dt class=\"gallery-icon\">\n            <a data-title=\"\" title=\"\" href=\"https:\/\/prehrada-pastviny.cz\/wp-content\/uploads\/2023\/03\/obrzek3.jpg\" data-rel=\"tb_wpuo281\" class=\"themify_lightbox\"><img loading=\"lazy\" decoding=\"async\" src=\"https:\/\/prehrada-pastviny.cz\/wp-content\/uploads\/2023\/03\/obrzek3-300x200.jpg\" width=\"300\" height=\"200\" class=\"wp-post-image wp-image-2255\" title=\"obrzek3\" alt=\"obrzek3\"><\/a>            <\/dt>\n                    <\/dl>\n            <dl class=\"gallery-item\">\n            <dt class=\"gallery-icon\">\n            <a data-title=\"\" title=\"\" href=\"https:\/\/prehrada-pastviny.cz\/wp-content\/uploads\/2023\/03\/obrzek2.jpg\" data-rel=\"tb_wpuo281\" class=\"themify_lightbox\"><img loading=\"lazy\" decoding=\"async\" src=\"https:\/\/prehrada-pastviny.cz\/wp-content\/uploads\/2023\/03\/obrzek2-300x200.jpg\" width=\"300\" height=\"200\" class=\"wp-post-image wp-image-2256\" title=\"obrzek2\" alt=\"obrzek2\"><\/a>            <\/dt>\n                    <\/dl>\n            <dl class=\"gallery-item\">\n            <dt class=\"gallery-icon\">\n            <a data-title=\"\" title=\"\" href=\"https:\/\/prehrada-pastviny.cz\/wp-content\/uploads\/2023\/03\/obrzek1.jpg\" data-rel=\"tb_wpuo281\" class=\"themify_lightbox\"><img loading=\"lazy\" decoding=\"async\" src=\"https:\/\/prehrada-pastviny.cz\/wp-content\/uploads\/2023\/03\/obrzek1-300x200.jpg\" width=\"300\" height=\"200\" class=\"wp-post-image wp-image-2257\" title=\"obrzek1\" alt=\"obrzek1\"><\/a>            <\/dt>\n                    <\/dl>\n    <\/div>\n<\/div>\n<!-- \/module gallery -->        <\/div>\n                        <\/div>\n        <\/div>\n                        <div  data-lazy=\"1\" class=\"module_row themify_builder_row tb_2qxp880 tf_w\">\n                        <div class=\"row_inner col_align_middle tb_col_count_2 tf_box tf_rel\">\n                        <div  data-lazy=\"1\" class=\"module_column tb-column col4-2 tb_i6kv881 first\">\n                    <!-- module video -->\n<div  class=\"module module-video tb_frp1882 video-top  video-autoplay\" data-lazy=\"1\">\n                    <div class=\"video-wrap-outer\">\n            <div class=\"video-wrap tf_rel tf_overflow tf_local_video\">\n                \n                    \n                    <div style=\"width: 640px;\" class=\"wp-video\"><video class=\"wp-video-shortcode\" id=\"video-1690-1\" width=\"640\" height=\"360\" loop autoplay muted data-download data-hide-controls preload=\"metadata\" controls=\"controls\"><source type=\"video\/mp4\" src=\"https:\/\/prehrada-pastviny.cz\/wp-content\/uploads\/2022\/11\/MP4_20220621_072933VLOG.mp4?_=1\" \/><a href=\"https:\/\/prehrada-pastviny.cz\/wp-content\/uploads\/2022\/11\/MP4_20220621_072933VLOG.mp4\">https:\/\/prehrada-pastviny.cz\/wp-content\/uploads\/2022\/11\/MP4_20220621_072933VLOG.mp4<\/a><\/video><\/div>\n                    \n                                <\/div>\n            <!-- \/video-wrap -->\n        <\/div>\n        <!-- \/video-wrap-outer -->\n                    <div class=\"video-content\">\n                                    <h3 class=\"video-title\">\n                                            <a href=\"https:\/\/kolobezky.ceskepetrovice.cz\/\">Ter\u00e9nn\u00ed kolob\u011b\u017eky Pastviny<\/a>\n                                        <\/h3>\n                \n                            <\/div>\n            <!-- \/video-content -->\n            <\/div>\n        <\/div>\n                    <div  data-lazy=\"1\" class=\"module_column tb-column col4-2 tb_cgtq882 last\">\n                    <!-- module text -->\n<div  class=\"module module-text tb_wgkr882  repeat \" data-lazy=\"1\">\n        <div  class=\"tb_text_wrap\">\n        <h2>Ter\u00e9nn\u00ed kolob\u011b\u017eky <\/h2>\n<p>Ter\u00e9n, hory, dobrodru\u017estv\u00ed. To v\u0161e V\u00e1s \u010dek\u00e1 na na\u0161ich ter\u00e9nn\u00edch kolob\u011b\u017ek\u00e1ch. Trasa z Ka\u0161parovy chaty p\u0159es \u010cesk\u00e9 Petrovice, a\u017e k p\u0159ehrad\u011b v Pastvinch slibuje n\u00e1dhern\u00e9 v\u00fdhledy a romantick\u00e1 z\u00e1kout\u00ed. M\u00edjet budete tak\u00e9 <a href=\"https:\/\/www.scholzuvmlyn.cz\">Scholz\u016fv ml\u00fdn<\/a> s to\u010d\u00edc\u00edm se vodn\u00edm kolem poh\u00e1n\u011bn\u00e9m potokem Orli\u010dka. Tento potok pak bude va\u0161im pobo\u010dn\u00edkem t\u00e9m\u011b\u0159 celou cestu, jen ob\u010das si n\u011bkam odsko\u010d\u00ed. <span class=\"read-more-target\">Na\u0161e kolob\u011b\u017eky jsou vyrobeny z konstruk\u010dn\u00edch materi\u00e1l\u016f a komponent\u016f pro maxim\u00e1ln\u00ed odolnost a pro pohyb na nezpevn\u011bn\u00fdch cest\u00e1ch. <\/span><\/p>    <\/div>\n<\/div>\n<!-- \/module text --><!-- module buttons -->\n<div  class=\"module module-buttons tb_9lzu883 buttons-horizontal solid \" data-lazy=\"1\">\n        <div class=\"module-buttons-item tf_in_flx\">\n                        <a href=\"https:\/\/kolobezky.ceskepetrovice.cz\" class=\"ui builder_button tf_in_flx black\" >\n                                                V\u00edce informac\u00ed o kolob\u011b\u017ek\u00e1ch                                        <em><svg  class=\"tf_fa tf-ti-arrow-right\" xmlns:xlink=\"http:\/\/www.w3.org\/1999\/xlink\" aria-hidden=\"true\"><use href=\"#tf-ti-arrow-right\" xlink:href=\"#tf-ti-arrow-right\"><\/use><\/svg><\/em>                            <\/a>\n                <\/div>\n            <\/div>\n<!-- \/module buttons -->\n        <\/div>\n                        <\/div>\n        <\/div>\n                        <div  data-lazy=\"1\" class=\"module_row themify_builder_row tb_jtzn841 tf_w\">\n                        <div class=\"row_inner col_align_top tb_col_count_1 tf_box tf_rel\">\n                        <div  data-lazy=\"1\" class=\"module_column tb-column col-full tb_3744841 first\">\n                    <!-- module post -->\n<div  class=\"module module-post tb_arsu677 \">\n<h3 class=\"module-title\">Historie v\u00fdstavby p\u0159ehrady Pastviny<\/h3>    <div  class=\"builder-posts-wrap loops-wrapper historie grid4 masonry classic tf_rel tf_clear tf_clearfix\" data-lazy=\"1\" data-layout=\"fitRows\">\n    <article id=\"post-1814\" class=\"post tf_clearfix post-1814 historie type-historie status-publish has-post-thumbnail hentry has-post-title has-post-date has-post-category has-post-tag has-post-comment has-post-author \">\n\t    \n\t                <figure class=\"post-image tf_clearfix\">\n                                                            <a href=\"https:\/\/prehrada-pastviny.cz\/cs\/historie\/zakaz-novostaveb-v-oblasti-planovane-prehrady\/\">\n                                        <img loading=\"lazy\" decoding=\"async\" width=\"806\" height=\"502\" src=\"https:\/\/prehrada-pastviny.cz\/wp-content\/uploads\/2015\/09\/pastviny_pred_zatopenim.jpg\" class=\"wp-post-image wp-image-1813\" title=\"pastviny_pred_zatopenim\" alt=\"pastviny_pred_zatopenim\" srcset=\"https:\/\/prehrada-pastviny.cz\/wp-content\/uploads\/2015\/09\/pastviny_pred_zatopenim.jpg 806w, https:\/\/prehrada-pastviny.cz\/wp-content\/uploads\/2015\/09\/pastviny_pred_zatopenim-300x187.jpg 300w, https:\/\/prehrada-pastviny.cz\/wp-content\/uploads\/2015\/09\/pastviny_pred_zatopenim-768x478.jpg 768w\" sizes=\"auto, (max-width: 806px) 100vw, 806px\" \/>                                                                    <\/a>\n                                                                <\/figure>\n                    \t<div class=\"post-content\">\n\t\t<div class=\"post-content-inner\">\n\n\t\t\t\t\t\t\t\t<div class=\"post-date-wrap post-date-inline\">\n\t\t<time class=\"post-date entry-date updated\" datetime=\"2015-04-30\">\n\t\t\t\t\t<span class=\"year\">30. 4. 2015<\/span>\n\t\t\t\t<\/time>\n\t<\/div><!-- .post-date-wrap -->\n\t\t\t\t\n\t\t\t<h2 class=\"post-title entry-title\"><a href=\"https:\/\/prehrada-pastviny.cz\/cs\/historie\/zakaz-novostaveb-v-oblasti-planovane-prehrady\/\">Rok 1924 &#8211; Z\u00e1kaz novostaveb v oblasti pl\u00e1novan\u00e9 p\u0159ehrady<\/a><\/h2>\n\t\t\t\t\t\t\t<p class=\"post-meta entry-meta\">\n\t\t\t\t\t\t\t\t\t\t\t<span class=\"post-author\"><span class=\"author vcard\"><a class=\"url fn n\" href=\"https:\/\/prehrada-pastviny.cz\/cs\/author\/root\/\" rel=\"author\">root<\/a><\/span><\/span>\n\t\t\t\t\t\n\t\t\t\t\t\n\t\t\t\t\t\t\t\t\t\t\t\t\t\t\t\t\n\t\t\t\t\t\t\t\t\t<\/p>\n\t\t\t\t<!-- \/post-meta -->\n\t\t\t\n\t\t\t\n\t\t\t        <div class=\"entry-content\">\n\n                                        <p class=\"rtejustify\">O tom, \u017ee \u010d\u00e1st malebn\u00e9 obce Pastviny za nedlouho zmiz\u00ed pod vodn\u00ed hladinou se za\u010dalo pov\u00eddat ji\u017e v roce 1924. V tomt\u00e9\u017e roce tak\u00e9 zak\u00e1zali stav\u011bt jak\u00e9koliv novostavby v m\u00edstech ur\u010den\u00fdch k zatopen\u00ed a vzniku \u00fadoln\u00ed p\u0159ehrady.<\/p>\n\n<!-- wp:themify-builder\/canvas \/-->\n            \n        <\/div><!-- \/.entry-content -->\n        \n\t\t<\/div>\n\t\t<!-- \/.post-content-inner -->\n\t<\/div>\n\t<!-- \/.post-content -->\n\t\n<\/article>\n<!-- \/.post -->\n<article id=\"post-1820\" class=\"post tf_clearfix post-1820 historie type-historie status-publish has-post-thumbnail hentry has-post-title has-post-date has-post-category has-post-tag has-post-comment has-post-author \">\n\t    \n\t                <figure class=\"post-image tf_clearfix\">\n                                                            <a href=\"https:\/\/prehrada-pastviny.cz\/cs\/historie\/navsteva-ministra-veci-verejnych\/\">\n                                        <img loading=\"lazy\" decoding=\"async\" width=\"466\" height=\"606\" src=\"https:\/\/prehrada-pastviny.cz\/wp-content\/uploads\/2015\/06\/Otakar_Trnka_1871\u20131919.jpg\" class=\"wp-post-image wp-image-2260\" title=\"Trnka von Laberon, Ottokar Freiherr\" alt=\"Trnka von Laberon, Ottokar Freiherr\" srcset=\"https:\/\/prehrada-pastviny.cz\/wp-content\/uploads\/2015\/06\/Otakar_Trnka_1871\u20131919.jpg 466w, https:\/\/prehrada-pastviny.cz\/wp-content\/uploads\/2015\/06\/Otakar_Trnka_1871\u20131919-231x300.jpg 231w\" sizes=\"auto, (max-width: 466px) 100vw, 466px\" \/>                                                                    <\/a>\n                                                                <\/figure>\n                    \t<div class=\"post-content\">\n\t\t<div class=\"post-content-inner\">\n\n\t\t\t\t\t\t\t\t<div class=\"post-date-wrap post-date-inline\">\n\t\t<time class=\"post-date entry-date updated\" datetime=\"2015-06-04\">\n\t\t\t\t\t<span class=\"year\">4. 6. 2015<\/span>\n\t\t\t\t<\/time>\n\t<\/div><!-- .post-date-wrap -->\n\t\t\t\t\n\t\t\t<h2 class=\"post-title entry-title\"><a href=\"https:\/\/prehrada-pastviny.cz\/cs\/historie\/navsteva-ministra-veci-verejnych\/\">Rok 1912 &#8211; N\u00e1v\u0161t\u011bva ministra v\u011bc\u00ed ve\u0159ejn\u00fdch<\/a><\/h2>\n\t\t\t\t\t\t\t<p class=\"post-meta entry-meta\">\n\t\t\t\t\t\t\t\t\t\t\t<span class=\"post-author\"><span class=\"author vcard\"><a class=\"url fn n\" href=\"https:\/\/prehrada-pastviny.cz\/cs\/author\/nitram\/\" rel=\"author\">nitram<\/a><\/span><\/span>\n\t\t\t\t\t\n\t\t\t\t\t\n\t\t\t\t\t\t\t\t\t\t\t\t\t\t\t\t\n\t\t\t\t\t\t\t\t\t<\/p>\n\t\t\t\t<!-- \/post-meta -->\n\t\t\t\n\t\t\t\n\t\t\t        <div class=\"entry-content\">\n\n                                        <p><a href=\"https:\/\/cs.wikipedia.org\/wiki\/Otakar_Trnka\">Dr. Otakar Trnka<\/a> tehdej\u0161\u00ed ministr ve\u0159ejn\u00fdch v\u011bc\u00ed nav\u0161t\u00edvil Neko\u0159, aby se pod\u00edval na m\u00edsto ur\u010den\u00e9 pro v\u00fdstvbu p\u0159ehrady<\/p>\n\n<!-- wp:themify-builder\/canvas \/-->\n            \n        <\/div><!-- \/.entry-content -->\n        \n\t\t<\/div>\n\t\t<!-- \/.post-content-inner -->\n\t<\/div>\n\t<!-- \/.post-content -->\n\t\n<\/article>\n<!-- \/.post -->\n<article id=\"post-1819\" class=\"post tf_clearfix post-1819 historie type-historie status-publish hentry has-post-title has-post-date has-post-category has-post-tag has-post-comment has-post-author \">\n\t    \n\t\t<div class=\"post-content\">\n\t\t<div class=\"post-content-inner\">\n\n\t\t\t\t\t\t\t\t<div class=\"post-date-wrap post-date-inline\">\n\t\t<time class=\"post-date entry-date updated\" datetime=\"2015-06-04\">\n\t\t\t\t\t<span class=\"year\">4. 6. 2015<\/span>\n\t\t\t\t<\/time>\n\t<\/div><!-- .post-date-wrap -->\n\t\t\t\t\n\t\t\t<h2 class=\"post-title entry-title\"><a href=\"https:\/\/prehrada-pastviny.cz\/cs\/historie\/prvni-poukazani-na-vhodne-misto-ke-stavbe-vodniho-dila\/\">Rok 1908 &#8211; Prvn\u00ed pouk\u00e1z\u00e1n\u00ed na vhodn\u00e9 m\u00edsto ke stavb\u011b vodn\u00edho d\u00edla<\/a><\/h2>\n\t\t\t\t\t\t\t<p class=\"post-meta entry-meta\">\n\t\t\t\t\t\t\t\t\t\t\t<span class=\"post-author\"><span class=\"author vcard\"><a class=\"url fn n\" href=\"https:\/\/prehrada-pastviny.cz\/cs\/author\/nitram\/\" rel=\"author\">nitram<\/a><\/span><\/span>\n\t\t\t\t\t\n\t\t\t\t\t\n\t\t\t\t\t\t\t\t\t\t\t\t\t\t\t\t\n\t\t\t\t\t\t\t\t\t<\/p>\n\t\t\t\t<!-- \/post-meta -->\n\t\t\t\n\t\t\t\n\t\t\t        <div class=\"entry-content\">\n\n                                        <p>Ing. Franti\u0161ek Radou\u0161 ozna\u010dil Neko\u0159 jako m\u00edsto vhodn\u00e9 pro stavbu vodn\u00edho d\u00edla<\/p>\n\n<!-- wp:themify-builder\/canvas \/-->\n            \n        <\/div><!-- \/.entry-content -->\n        \n\t\t<\/div>\n\t\t<!-- \/.post-content-inner -->\n\t<\/div>\n\t<!-- \/.post-content -->\n\t\n<\/article>\n<!-- \/.post -->\n<article id=\"post-1822\" class=\"post tf_clearfix post-1822 historie type-historie status-publish has-post-thumbnail hentry has-post-title has-post-date has-post-category has-post-tag has-post-comment has-post-author \">\n\t    \n\t                <figure class=\"post-image tf_clearfix\">\n                                                            <a href=\"https:\/\/prehrada-pastviny.cz\/cs\/historie\/polozen-zakladniho-kamene-ke-stavbe-viaduktu\/\">\n                                        <img loading=\"lazy\" decoding=\"async\" width=\"806\" height=\"514\" src=\"https:\/\/prehrada-pastviny.cz\/wp-content\/uploads\/2015\/07\/zakladni_kamen_pastviny.jpg\" class=\"wp-post-image wp-image-1821\" title=\"zakladni_kamen_pastviny\" alt=\"zakladni_kamen_pastviny\" srcset=\"https:\/\/prehrada-pastviny.cz\/wp-content\/uploads\/2015\/07\/zakladni_kamen_pastviny.jpg 806w, https:\/\/prehrada-pastviny.cz\/wp-content\/uploads\/2015\/07\/zakladni_kamen_pastviny-300x191.jpg 300w, https:\/\/prehrada-pastviny.cz\/wp-content\/uploads\/2015\/07\/zakladni_kamen_pastviny-768x490.jpg 768w\" sizes=\"auto, (max-width: 806px) 100vw, 806px\" \/>                                                                    <\/a>\n                                                                <\/figure>\n                    \t<div class=\"post-content\">\n\t\t<div class=\"post-content-inner\">\n\n\t\t\t\t\t\t\t\t<div class=\"post-date-wrap post-date-inline\">\n\t\t<time class=\"post-date entry-date updated\" datetime=\"2015-07-21\">\n\t\t\t\t\t<span class=\"year\">21. 7. 2015<\/span>\n\t\t\t\t<\/time>\n\t<\/div><!-- .post-date-wrap -->\n\t\t\t\t\n\t\t\t<h2 class=\"post-title entry-title\"><a href=\"https:\/\/prehrada-pastviny.cz\/cs\/historie\/polozen-zakladniho-kamene-ke-stavbe-viaduktu\/\">Polo\u017een\u00ed z\u00e1kladn\u00edho k\u00e1mene ke stavb\u011b viaduktu v Pastvin\u00e1ch<\/a><\/h2>\n\t\t\t\t\t\t\t<p class=\"post-meta entry-meta\">\n\t\t\t\t\t\t\t\t\t\t\t<span class=\"post-author\"><span class=\"author vcard\"><a class=\"url fn n\" href=\"https:\/\/prehrada-pastviny.cz\/cs\/author\/nitram\/\" rel=\"author\">nitram<\/a><\/span><\/span>\n\t\t\t\t\t\n\t\t\t\t\t\n\t\t\t\t\t\t\t\t\t\t\t\t\t\t\t\t\n\t\t\t\t\t\t\t\t\t<\/p>\n\t\t\t\t<!-- \/post-meta -->\n\t\t\t\n\t\t\t\n\t\t\t        <div class=\"entry-content\">\n\n                                        <p><span style=\"font-family: Roboto, arial, sans-serif; line-height: 17px;\">13. \u010dervna 1932 za p\u0159\u00edtomnosti ministra ve\u0159ejn\u00fdch prac\u00ed Dost\u00e1lka polo\u017een z\u00e1kladn\u00ed k\u00e1men ke stavb\u011b viaduktu p\u0159es \u00fadol\u00ed&nbsp;v Pastvin\u00e1ch, byl to prvn\u00ed krok k za\u010d\u00e1tku stavby \u00fadoln\u00ed p\u0159ehrady. Tento den zm\u011bnil \u017eivoty mnoha lid\u00ed v \u00fadol\u00ed a dal obc\u00ed nov\u00fd sm\u011br.<\/span><\/p>\n\n            \n        <\/div><!-- \/.entry-content -->\n        \n\t\t<\/div>\n\t\t<!-- \/.post-content-inner -->\n\t<\/div>\n\t<!-- \/.post-content -->\n\t\n<\/article>\n<!-- \/.post -->\n<article id=\"post-1818\" class=\"post tf_clearfix post-1818 historie type-historie status-publish hentry has-post-title has-post-date has-post-category has-post-tag has-post-comment has-post-author \">\n\t    \n\t\t<div class=\"post-content\">\n\t\t<div class=\"post-content-inner\">\n\n\t\t\t\t\t\t\t\t<div class=\"post-date-wrap post-date-inline\">\n\t\t<time class=\"post-date entry-date updated\" datetime=\"2015-04-30\">\n\t\t\t\t\t<span class=\"year\">30. 4. 2015<\/span>\n\t\t\t\t<\/time>\n\t<\/div><!-- .post-date-wrap -->\n\t\t\t\t\n\t\t\t<h2 class=\"post-title entry-title\"><a href=\"https:\/\/prehrada-pastviny.cz\/cs\/historie\/dokonceni-vystavby-prehrady\/\">Dokon\u010den\u00ed v\u00fdstavby p\u0159ehrady<\/a><\/h2>\n\t\t\t\t\t\t\t<p class=\"post-meta entry-meta\">\n\t\t\t\t\t\t\t\t\t\t\t<span class=\"post-author\"><span class=\"author vcard\"><a class=\"url fn n\" href=\"https:\/\/prehrada-pastviny.cz\/cs\/author\/root\/\" rel=\"author\">root<\/a><\/span><\/span>\n\t\t\t\t\t\n\t\t\t\t\t\n\t\t\t\t\t\t\t\t\t\t\t\t\t\t\t\t\n\t\t\t\t\t\t\t\t\t<\/p>\n\t\t\t\t<!-- \/post-meta -->\n\t\t\t\n\t\t\t\n\t\t\t        <div class=\"entry-content\">\n\n                                        <p>Po p\u011bti letech od za\u010d\u00e1tku do\u0161lo k dokon\u010den\u00ed v\u00fdstavby.<\/p>\n\n            \n        <\/div><!-- \/.entry-content -->\n        \n\t\t<\/div>\n\t\t<!-- \/.post-content-inner -->\n\t<\/div>\n\t<!-- \/.post-content -->\n\t\n<\/article>\n<!-- \/.post -->\n<article id=\"post-1816\" class=\"post tf_clearfix post-1816 historie type-historie status-publish has-post-thumbnail hentry has-post-title has-post-date has-post-category has-post-tag has-post-comment has-post-author \">\n\t    \n\t                <figure class=\"post-image tf_clearfix\">\n                                                            <a href=\"https:\/\/prehrada-pastviny.cz\/cs\/historie\/zacatek-vystavby-prehrady\/\">\n                                        <img loading=\"lazy\" decoding=\"async\" width=\"806\" height=\"516\" src=\"https:\/\/prehrada-pastviny.cz\/wp-content\/uploads\/2015\/09\/stavba_hraze.jpg\" class=\"wp-post-image wp-image-1815\" title=\"stavba_hraze\" alt=\"stavba_hraze\" srcset=\"https:\/\/prehrada-pastviny.cz\/wp-content\/uploads\/2015\/09\/stavba_hraze.jpg 806w, https:\/\/prehrada-pastviny.cz\/wp-content\/uploads\/2015\/09\/stavba_hraze-300x192.jpg 300w, https:\/\/prehrada-pastviny.cz\/wp-content\/uploads\/2015\/09\/stavba_hraze-768x492.jpg 768w\" sizes=\"auto, (max-width: 806px) 100vw, 806px\" \/>                                                                    <\/a>\n                                                                <\/figure>\n                    \t<div class=\"post-content\">\n\t\t<div class=\"post-content-inner\">\n\n\t\t\t\t\t\t\t\t<div class=\"post-date-wrap post-date-inline\">\n\t\t<time class=\"post-date entry-date updated\" datetime=\"2015-04-30\">\n\t\t\t\t\t<span class=\"year\">30. 4. 2015<\/span>\n\t\t\t\t<\/time>\n\t<\/div><!-- .post-date-wrap -->\n\t\t\t\t\n\t\t\t<h2 class=\"post-title entry-title\"><a href=\"https:\/\/prehrada-pastviny.cz\/cs\/historie\/zacatek-vystavby-prehrady\/\">Za\u010d\u00e1tek v\u00fdstavby p\u0159ehrady<\/a><\/h2>\n\t\t\t\t\t\t\t<p class=\"post-meta entry-meta\">\n\t\t\t\t\t\t\t\t\t\t\t<span class=\"post-author\"><span class=\"author vcard\"><a class=\"url fn n\" href=\"https:\/\/prehrada-pastviny.cz\/cs\/author\/root\/\" rel=\"author\">root<\/a><\/span><\/span>\n\t\t\t\t\t\n\t\t\t\t\t\n\t\t\t\t\t\t\t\t\t\t\t\t\t\t\t\t\n\t\t\t\t\t\t\t\t\t<\/p>\n\t\t\t\t<!-- \/post-meta -->\n\t\t\t\n\t\t\t\n\t\t\t        <div class=\"entry-content\">\n\n                                        <p>Pastvinsk\u00e1 p\u0159ehrada se za\u010dala stav\u011bt v roce 1933. &nbsp;V\u00fdstavba Pastvinsk\u00e9 p\u0159ehrady prob\u00edhala v obdob\u00ed hospod\u00e1\u0159sk\u00e9 krize a proto jednou z priorit bylo, zam\u011bstnat na stavb\u011b co nejv\u00edce d\u011bln\u00edk\u016f. P\u0159i stavb\u011b bylo pou\u017eito pouze minim\u00e1ln\u00edho mno\u017estv\u00ed techniky a ve\u0161ker\u00e1 pr\u00e1ce byla p\u0159edev\u0161\u00edm ru\u010dn\u00ed.&nbsp;<\/p>\n\n            \n        <\/div><!-- \/.entry-content -->\n        \n\t\t<\/div>\n\t\t<!-- \/.post-content-inner -->\n\t<\/div>\n\t<!-- \/.post-content -->\n\t\n<\/article>\n<!-- \/.post -->\n    <\/div><!-- .builder-posts-wrap -->\n            <\/div>\n<!-- \/module post -->\n            <\/div>\n                        <\/div>\n        <\/div>\n        <\/div>\n<!--\/themify_builder_content-->","protected":false},"excerpt":{"rendered":"<p>Historie p\u0159ehrady Pastviny \u0158eka Divok\u00e1 Orlice v d\u00e1vn\u00fdch dob\u00e1ch pravideln\u011b zp\u016fsobovala povodn\u011b, kter\u00e9 ni\u010dily majetek lid\u00ed \u017eij\u00edc\u00edch v jej\u00edm okol\u00ed. Dlouhodob\u011b se o z\u0159\u00edzen\u00ed p\u0159ehrad na Orlici uva\u017eovalo a jedna z nich m\u011bla b\u00fdt dle pl\u00e1nu podle studie vypracovan\u00e9 Ing. Dr. Radou\u0161em v roce 1909 vybudov\u00e1na u Neko\u0159e. P\u0159ehrada Pastviny a jej\u00ed historie Dlouhodob\u011b se [&hellip;]<\/p>\n","protected":false},"author":5,"featured_media":0,"parent":0,"menu_order":0,"comment_status":"closed","ping_status":"closed","template":"","meta":{"_acf_changed":false,"footnotes":""},"class_list":["post-1690","page","type-page","status-publish","hentry","has-post-title","has-post-date","has-post-category","has-post-tag","has-post-comment","has-post-author",""],"acf":[],"yoast_head":"<!-- This site is optimized with the Yoast SEO plugin v27.4 - https:\/\/yoast.com\/product\/yoast-seo-wordpress\/ -->\n<title>Historie p\u0159ehrady Pastviny | P\u0159ehrada Pastviny<\/title>\n<meta name=\"robots\" content=\"index, follow, max-snippet:-1, max-image-preview:large, max-video-preview:-1\" \/>\n<link rel=\"canonical\" href=\"https:\/\/prehrada-pastviny.cz\/cs\/historie-prehrady-pastviny\/\" \/>\n<meta property=\"og:locale\" content=\"cs_CZ\" \/>\n<meta property=\"og:type\" content=\"article\" \/>\n<meta property=\"og:title\" content=\"Historie p\u0159ehrady Pastviny | P\u0159ehrada Pastviny\" \/>\n<meta property=\"og:description\" content=\"Historie p\u0159ehrady Pastviny \u0158eka Divok\u00e1 Orlice v d\u00e1vn\u00fdch dob\u00e1ch pravideln\u011b zp\u016fsobovala povodn\u011b, kter\u00e9 ni\u010dily majetek lid\u00ed \u017eij\u00edc\u00edch v jej\u00edm okol\u00ed. Dlouhodob\u011b se o z\u0159\u00edzen\u00ed p\u0159ehrad na Orlici uva\u017eovalo a jedna z nich m\u011bla b\u00fdt dle pl\u00e1nu podle studie vypracovan\u00e9 Ing. Dr. Radou\u0161em v roce 1909 vybudov\u00e1na u Neko\u0159e. P\u0159ehrada Pastviny a jej\u00ed historie Dlouhodob\u011b se [&hellip;]\" \/>\n<meta property=\"og:url\" content=\"https:\/\/prehrada-pastviny.cz\/cs\/historie-prehrady-pastviny\/\" \/>\n<meta property=\"og:site_name\" content=\"P\u0159ehrada Pastviny\" \/>\n<meta property=\"article:publisher\" content=\"https:\/\/www.facebook.com\/pastviny\" \/>\n<meta property=\"article:modified_time\" content=\"2023-05-19T05:32:18+00:00\" \/>\n<meta property=\"og:image\" content=\"https:\/\/prehrada-pastviny.cz\/wp-content\/uploads\/2023\/04\/preharda-pastviny-leto.jpg\" \/>\n\t<meta property=\"og:image:width\" content=\"1334\" \/>\n\t<meta property=\"og:image:height\" content=\"750\" \/>\n\t<meta property=\"og:image:type\" content=\"image\/jpeg\" \/>\n<meta name=\"twitter:card\" content=\"summary_large_image\" \/>\n<meta name=\"twitter:label1\" content=\"Odhadovan\u00e1 doba \u010dten\u00ed\" \/>\n\t<meta name=\"twitter:data1\" content=\"4 minuty\" \/>\n<script type=\"application\/ld+json\" class=\"yoast-schema-graph\">{\"@context\":\"https:\\\/\\\/schema.org\",\"@graph\":[{\"@type\":\"WebPage\",\"@id\":\"https:\\\/\\\/prehrada-pastviny.cz\\\/cs\\\/historie-prehrady-pastviny\\\/\",\"url\":\"https:\\\/\\\/prehrada-pastviny.cz\\\/cs\\\/historie-prehrady-pastviny\\\/\",\"name\":\"Historie p\u0159ehrady Pastviny | P\u0159ehrada Pastviny\",\"isPartOf\":{\"@id\":\"https:\\\/\\\/prehrada-pastviny.cz\\\/cs\\\/#website\"},\"datePublished\":\"2015-04-30T09:19:54+00:00\",\"dateModified\":\"2023-05-19T05:32:18+00:00\",\"breadcrumb\":{\"@id\":\"https:\\\/\\\/prehrada-pastviny.cz\\\/cs\\\/historie-prehrady-pastviny\\\/#breadcrumb\"},\"inLanguage\":\"cs\",\"potentialAction\":[{\"@type\":\"ReadAction\",\"target\":[\"https:\\\/\\\/prehrada-pastviny.cz\\\/cs\\\/historie-prehrady-pastviny\\\/\"]}]},{\"@type\":\"BreadcrumbList\",\"@id\":\"https:\\\/\\\/prehrada-pastviny.cz\\\/cs\\\/historie-prehrady-pastviny\\\/#breadcrumb\",\"itemListElement\":[{\"@type\":\"ListItem\",\"position\":1,\"name\":\"Dom\u016f\",\"item\":\"https:\\\/\\\/prehrada-pastviny.cz\\\/cs\\\/\"},{\"@type\":\"ListItem\",\"position\":2,\"name\":\"Historie p\u0159ehrady Pastviny\"}]},{\"@type\":\"WebSite\",\"@id\":\"https:\\\/\\\/prehrada-pastviny.cz\\\/cs\\\/#website\",\"url\":\"https:\\\/\\\/prehrada-pastviny.cz\\\/cs\\\/\",\"name\":\"P\u0159ehrada Pastviny\",\"description\":\"Pastvinsk\u00e1 P\u0159ehrada\",\"alternateName\":\"Pastvinsk\u00e1 p\u0159ehrada\",\"potentialAction\":[{\"@type\":\"SearchAction\",\"target\":{\"@type\":\"EntryPoint\",\"urlTemplate\":\"https:\\\/\\\/prehrada-pastviny.cz\\\/cs\\\/?s={search_term_string}\"},\"query-input\":{\"@type\":\"PropertyValueSpecification\",\"valueRequired\":true,\"valueName\":\"search_term_string\"}}],\"inLanguage\":\"cs\"}]}<\/script>\n<!-- \/ Yoast SEO plugin. -->","yoast_head_json":{"title":"Historie p\u0159ehrady Pastviny | P\u0159ehrada Pastviny","robots":{"index":"index","follow":"follow","max-snippet":"max-snippet:-1","max-image-preview":"max-image-preview:large","max-video-preview":"max-video-preview:-1"},"canonical":"https:\/\/prehrada-pastviny.cz\/cs\/historie-prehrady-pastviny\/","og_locale":"cs_CZ","og_type":"article","og_title":"Historie p\u0159ehrady Pastviny | P\u0159ehrada Pastviny","og_description":"Historie p\u0159ehrady Pastviny \u0158eka Divok\u00e1 Orlice v d\u00e1vn\u00fdch dob\u00e1ch pravideln\u011b zp\u016fsobovala povodn\u011b, kter\u00e9 ni\u010dily majetek lid\u00ed \u017eij\u00edc\u00edch v jej\u00edm okol\u00ed. Dlouhodob\u011b se o z\u0159\u00edzen\u00ed p\u0159ehrad na Orlici uva\u017eovalo a jedna z nich m\u011bla b\u00fdt dle pl\u00e1nu podle studie vypracovan\u00e9 Ing. Dr. Radou\u0161em v roce 1909 vybudov\u00e1na u Neko\u0159e. P\u0159ehrada Pastviny a jej\u00ed historie Dlouhodob\u011b se [&hellip;]","og_url":"https:\/\/prehrada-pastviny.cz\/cs\/historie-prehrady-pastviny\/","og_site_name":"P\u0159ehrada Pastviny","article_publisher":"https:\/\/www.facebook.com\/pastviny","article_modified_time":"2023-05-19T05:32:18+00:00","og_image":[{"width":1334,"height":750,"url":"https:\/\/prehrada-pastviny.cz\/wp-content\/uploads\/2023\/04\/preharda-pastviny-leto.jpg","type":"image\/jpeg"}],"twitter_card":"summary_large_image","twitter_misc":{"Odhadovan\u00e1 doba \u010dten\u00ed":"4 minuty"},"schema":{"@context":"https:\/\/schema.org","@graph":[{"@type":"WebPage","@id":"https:\/\/prehrada-pastviny.cz\/cs\/historie-prehrady-pastviny\/","url":"https:\/\/prehrada-pastviny.cz\/cs\/historie-prehrady-pastviny\/","name":"Historie p\u0159ehrady Pastviny | P\u0159ehrada Pastviny","isPartOf":{"@id":"https:\/\/prehrada-pastviny.cz\/cs\/#website"},"datePublished":"2015-04-30T09:19:54+00:00","dateModified":"2023-05-19T05:32:18+00:00","breadcrumb":{"@id":"https:\/\/prehrada-pastviny.cz\/cs\/historie-prehrady-pastviny\/#breadcrumb"},"inLanguage":"cs","potentialAction":[{"@type":"ReadAction","target":["https:\/\/prehrada-pastviny.cz\/cs\/historie-prehrady-pastviny\/"]}]},{"@type":"BreadcrumbList","@id":"https:\/\/prehrada-pastviny.cz\/cs\/historie-prehrady-pastviny\/#breadcrumb","itemListElement":[{"@type":"ListItem","position":1,"name":"Dom\u016f","item":"https:\/\/prehrada-pastviny.cz\/cs\/"},{"@type":"ListItem","position":2,"name":"Historie p\u0159ehrady Pastviny"}]},{"@type":"WebSite","@id":"https:\/\/prehrada-pastviny.cz\/cs\/#website","url":"https:\/\/prehrada-pastviny.cz\/cs\/","name":"P\u0159ehrada Pastviny","description":"Pastvinsk\u00e1 P\u0159ehrada","alternateName":"Pastvinsk\u00e1 p\u0159ehrada","potentialAction":[{"@type":"SearchAction","target":{"@type":"EntryPoint","urlTemplate":"https:\/\/prehrada-pastviny.cz\/cs\/?s={search_term_string}"},"query-input":{"@type":"PropertyValueSpecification","valueRequired":true,"valueName":"search_term_string"}}],"inLanguage":"cs"}]}},"builder_content":"<h1 id=\"page-title\">Historie p\u0159ehrady Pastviny<\/h1> <p>\u0158eka Divok\u00e1 Orlice v d\u00e1vn\u00fdch dob\u00e1ch pravideln\u011b zp\u016fsobovala povodn\u011b, kter\u00e9 ni\u010dily majetek lid\u00ed \u017eij\u00edc\u00edch v jej\u00edm okol\u00ed.<\/p> <p>Dlouhodob\u011b se o z\u0159\u00edzen\u00ed p\u0159ehrad na Orlici uva\u017eovalo a jedna z nich m\u011bla b\u00fdt dle pl\u00e1nu podle studie vypracovan\u00e9 Ing. Dr. Radou\u0161em v roce 1909 vybudov\u00e1na u Neko\u0159e.<\/p>\n<h2>P\u0159ehrada Pastviny a jej\u00ed historie<\/h2> <p>Dlouhodob\u011b se o m\u00edst\u011b, kde by m\u011bla b\u00fdt p\u0159ehrada vybudov\u00e1na vedly spory mezi z\u00e1stupci horn\u00edho a doln\u00edho povod\u00ed Divok\u00e9 Orlice. Horn\u00ed povod\u00ed prosazovalo v\u00fdstavbu v Pastvin\u00e1ch na\u010de\u017e doln\u00ed povod\u00ed u Pot\u0161tejna. D\u00edky geologick\u00fdm vrt\u016fm, kter\u00e9 v Pot\u0161tejn\u011b nedopadly dob\u0159e m\u016f\u017eete dodnes nav\u0161t\u011bvovat Anensk\u00e9 \u00fadol\u00ed s\u00a0<a href=\"http:\/\/www.kempwestern.cz\" target=\"_blank\" rel=\"noopener\">t\u00e1bo\u0159i\u0161t\u011bm Vocht\u00e1nka<\/a>, kter\u00e9 mohlo zmizet pod hladinou stejn\u011b, jako zmizela \u010d\u00e1st obce Pastviny.\u00a0<\/p> <p>Prvn\u00ed \u00favaha o vhodnosti \u00fadol\u00ed k v\u00fdstavb\u011b p\u0159ehrady se datuje do roku 1908, kdy ing. Franti\u0161ek Radou\u0161 ozna\u010dil Neko\u0159 jako m\u00edsto vhodn\u00e9 pro stavbu vodn\u00edho d\u00edla. V roce 1912 Dr. Otakar Trnka tehdej\u0161\u00ed ministr ve\u0159ejn\u00fdch v\u011bc\u00ed nav\u0161t\u00edvil Neko\u0159, aby se na m\u00edsto pod\u00edval. O tom, \u017ee \u010d\u00e1st malebn\u00e9 obce Pastviny za nedlouho zmiz\u00ed pod vodn\u00ed hladinou se za\u010dalo pov\u00eddat v roce 1924. V tomt\u00e9\u017e roce tak\u00e9 zak\u00e1zali stav\u011bt jak\u00e9koliv novostavby v m\u00edstech ur\u010den\u00fdch k zatopen\u00ed a vzniku \u00fadoln\u00ed p\u0159ehrady. Pastvinsk\u00e1 p\u0159ehrada se za\u010dala stav\u011bt v roce 1933 a v\u00fdstavba trvala 5 let tedy do roku 1938. V\u00fdstavbu zn\u00e1m\u00e9ho Pastvinsk\u00e9ho viaduktu provedla firma Velfl\u00edk Praha a hr\u00e1z Pastvinsk\u00e9 p\u0159ehrady v\u010detn\u011b vodn\u00ed elektr\u00e1rny vystav\u011bla pra\u017esk\u00e1 stavebn\u00ed firma ing. M. a F. Pa\u017eoutovi. Jeliko\u017e v\u00fdstavba hr\u00e1ze se uskute\u010dnila pr\u00e1v\u011b v obdob\u00ed ekonomick\u00e9 krize \u00a0rozhodlo tehdy ministerstvo pr\u00e1ce o tom, \u017ee bude vystav\u011bna z kamene, aby byl zam\u011bstn\u00e1n co nejv\u011bt\u0161\u00ed po\u010det lid\u00ed. N\u00e1klady na stavbu tehdy byly 40 mil. K\u010d a z t\u00e9to \u010d\u00e1stky bylo 10 mil. K\u010d pou\u017eito na technologie vodn\u00ed elektr\u00e1rny. Jeliko\u017e v t\u00e9 dob\u011b byl ji\u017e b\u011b\u017en\u011b vyu\u017e\u00edv\u00e1n p\u0159i podobn\u00fdch stavb\u00e1ch beton jedn\u00e1 o posledn\u00ed kamennou hr\u00e1z v \u010cR. Ka\u017ed\u00fd z kamen\u016f, kter\u00fd byl na stavbu hr\u00e1ze pou\u017eit byl ru\u010dn\u011b o\u010di\u0161t\u011bn ocelov\u00fdm kart\u00e1\u010dem, aby tlak vody na st\u011bnu p\u0159ehrady nevymlel ne\u010distoty z kamen\u016f a t\u00edm nedoch\u00e1zelo ke vzniku skulinek, kter\u00e9 by se zv\u011bt\u0161ovali a zp\u016fsobovali net\u011bsnost p\u0159ehrady. K\u00e1men na stavbu byl t\u011b\u017een v p\u0159ilehl\u00fdch lomech.<\/p> <h3>Tehdej\u0161\u00ed rozpo\u010det v\u00fddaj\u016f na stavbu \u00fadoln\u00ed p\u0159ehrady u Pastvin<\/h3> <ol> <li>156130,00 K\u010d \u2013 Ochrann\u00fd betonov\u00fd provizorn\u00ed jez<\/li> <li>25319762,00 K\u010d \u2013 Hr\u00e1z, v\u00fdvar a kask\u00e1dy<\/li> <li>168300,00 K\u010d \u2013 Stavba domku pro hr\u00e1zn\u00e9ho<\/li> <li>1647767,20 K\u010d \u2013 P\u0159elo\u017een\u00ed komunikace<\/li> <li>1430590,50 K\u010d \u2013 Stavba a p\u0159elo\u017een\u00ed mostu<\/li> <li>20000,00 K\u010d \u2013 Z\u0159\u00edzen\u00ed budky pro limnigraf<\/li> <li>50000,00 K\u010d \u2013 z\u0159\u00edzen\u00ed tel. linky z Kl\u00e1\u0161terce nad Orlic\u00ed na hr\u00e1z<\/li> <li>5579668,60 K\u010d \u2013 v\u00fdkup pozemk\u016f a budov\u00a0<\/li> <li>260000,00 K\u010d \u2013 Stavebn\u00ed dozor, komise<\/li> <li>5367387,70 K\u010d \u2013\u00a0Na nep\u0159edv\u00eddan\u00e9 v\u00fddaje<\/li> <\/ol> <p><strong>Rozpo\u010det celkem 40 000 000, 00 K\u010d<\/strong><\/p> <p><b>Kne\u010dn\u00e1 cena vodn\u00edho d\u00edla Pastviny \u010dinila 47 000 000,- K\u010d\u00a0<\/b><\/p> <ul> <li><b>z toho bylo d\u011bln\u00edk\u016fm za pr\u00e1ci \u00a0vyplaceno 11 708 830,- K\u010d<\/b><\/li> <li><b>za v\u00fdkup pozemk\u016f a usedlost\u00ed 7 800 000,- K\u010d<\/b><\/li> <\/ul>\n<iframe name=\"embed-6036567\" frameBorder=\"0\" scrolling=\"no\" allowfullscreen src=\"https:\/\/pardubice.rozhlas.cz\/cro_soundmanager\/files\/6036567\/body?fid=6309081\"><\/iframe>\n<h2>Historick\u00e9 fotografie z obce Pastviny p\u0159ed zatopen\u00edm a z v\u00fdstavby p\u0159ehrady<\/h2>\n[gallery ids=\"2185,2186,2187,2188,2189,2190,2191,2192,2193,2194,2195,2196,2197,2198,2199,2200,2201,2202,2203,2204,2205,2206,2207,2208,2209,2210,2211,2212,2213,2214,2215,2216,2217,2218,2219,2220,2221,2222,2223,2224,2225,2226,2227,2228,2229,2230,2231,2232,2233,2234,2235,2236,2237,2238,2239,2240,2241,2242,2243,2244,2245,2246,2247,2248,2249,2250,2251,2252,2253,2254,2255,2256,2257\"]\n[video src=\"https:\/\/prehrada-pastviny.cz\/wp-content\/uploads\/2022\/11\/MP4_20220621_072933VLOG.mp4\" width=\"1920\" height=\"1080\"][\/video]\n<h2>Ter\u00e9nn\u00ed kolob\u011b\u017eky <\/h2> <p>Ter\u00e9n, hory, dobrodru\u017estv\u00ed. To v\u0161e V\u00e1s \u010dek\u00e1 na na\u0161ich ter\u00e9nn\u00edch kolob\u011b\u017ek\u00e1ch. Trasa z Ka\u0161parovy chaty p\u0159es \u010cesk\u00e9 Petrovice, a\u017e k p\u0159ehrad\u011b v Pastvinch slibuje n\u00e1dhern\u00e9 v\u00fdhledy a romantick\u00e1 z\u00e1kout\u00ed. M\u00edjet budete tak\u00e9 <a href=\"https:\/\/www.scholzuvmlyn.cz\">Scholz\u016fv ml\u00fdn<\/a> s to\u010d\u00edc\u00edm se vodn\u00edm kolem poh\u00e1n\u011bn\u00e9m potokem Orli\u010dka. Tento potok pak bude va\u0161im pobo\u010dn\u00edkem t\u00e9m\u011b\u0159 celou cestu, jen ob\u010das si n\u011bkam odsko\u010d\u00ed. Na\u0161e kolob\u011b\u017eky jsou vyrobeny z konstruk\u010dn\u00edch materi\u00e1l\u016f a komponent\u016f pro maxim\u00e1ln\u00ed odolnost a pro pohyb na nezpevn\u011bn\u00fdch cest\u00e1ch. <\/p>\n<a href=\"https:\/\/kolobezky.ceskepetrovice.cz\" > V\u00edce informac\u00ed o kolob\u011b\u017ek\u00e1ch <em><svg xmlns:xlink=\"http:\/\/www.w3.org\/1999\/xlink\" aria-hidden=\"true\"><use href=\"#tf-ti-arrow-right\" xlink:href=\"#tf-ti-arrow-right\"><\/use><\/svg><\/em> <\/a>","_links":{"self":[{"href":"https:\/\/prehrada-pastviny.cz\/cs\/wp-json\/wp\/v2\/pages\/1690","targetHints":{"allow":["GET"]}}],"collection":[{"href":"https:\/\/prehrada-pastviny.cz\/cs\/wp-json\/wp\/v2\/pages"}],"about":[{"href":"https:\/\/prehrada-pastviny.cz\/cs\/wp-json\/wp\/v2\/types\/page"}],"author":[{"embeddable":true,"href":"https:\/\/prehrada-pastviny.cz\/cs\/wp-json\/wp\/v2\/users\/5"}],"replies":[{"embeddable":true,"href":"https:\/\/prehrada-pastviny.cz\/cs\/wp-json\/wp\/v2\/comments?post=1690"}],"version-history":[{"count":59,"href":"https:\/\/prehrada-pastviny.cz\/cs\/wp-json\/wp\/v2\/pages\/1690\/revisions"}],"predecessor-version":[{"id":3188,"href":"https:\/\/prehrada-pastviny.cz\/cs\/wp-json\/wp\/v2\/pages\/1690\/revisions\/3188"}],"wp:attachment":[{"href":"https:\/\/prehrada-pastviny.cz\/cs\/wp-json\/wp\/v2\/media?parent=1690"}],"curies":[{"name":"wp","href":"https:\/\/api.w.org\/{rel}","templated":true}]}}