{"id":1766,"date":"2015-07-14T10:04:57","date_gmt":"2015-07-14T08:04:57","guid":{"rendered":"http:\/\/new.prehrada-pastviny.cz\/cs\/teplota-vody-pruhlednost-obmena-chlorofyl\/"},"modified":"2026-01-12T12:17:47","modified_gmt":"2026-01-12T11:17:47","slug":"teplota-vody-pruhlednost-obmena-chlorofyl","status":"publish","type":"page","link":"https:\/\/prehrada-pastviny.cz\/cs\/teplota-vody-pruhlednost-obmena-chlorofyl\/","title":{"rendered":"Teplota a kvalita vody Pastviny"},"content":{"rendered":"<!-- wp:themify-builder\/canvas \/-->\n\n<h2 class=\"rtejustify\">Teplota vody Pastviny v roce 2025<\/h2>\n<p class=\"rtejustify\">N\u00ed\u017ee na grafu m\u016f\u017eete nal\u00e9zt teploty vody u hr\u00e1ze za posledn\u00ed dva roky. Plnou barvou je vypln\u011bna teplota vody <a href=\"https:\/\/prehrada-pastviny.cz\/\">p\u0159ehrady Pastviny<\/a> z aktu\u00e1ln\u00edho roku, resp. linkou je nazna\u010dena teplota vody z minul\u00e9ho roku. Lze tedy p\u011bkn\u011b odhadnout, jak se bude teplota nad\u00e1le vyv\u00fdjet.<\/p>\n<figure style=\"width: 720px\" class=\"wp-caption alignnone\"><img loading=\"lazy\" decoding=\"async\" style=\"width: 720px; height: 260px;\" src=\"http:\/\/www.pla.cz\/portal\/jvn\/grafy\/T02550000202600000000_WTemp.png\" alt=\"Teplota vody u hr\u00e1ze - p\u0159ehrada Pastviny\" width=\"720\" height=\"260\" \/><figcaption class=\"wp-caption-text\">Teplota vody u hr\u00e1ze &#8211; p\u0159ehrada Pastviny<\/figcaption><\/figure>\n<h2>Kvalita vody Pastviny v roce 2025<\/h2>\n<p class=\"rtejustify\">Na obdobn\u00e9m grafu se m\u016f\u017eete pod\u00edvat na pr\u016fhlednost pastvinsk\u00e9 vody. Doporu\u010den\u00e1 pr\u016fhlednost vhodn\u00e1 pro koup\u00e1n\u00ed je 200 cm. Pod 100 cm u\u017e nen\u00ed vhodn\u00e9 se koupat, proto\u017ee je kvalita vody n\u011b\u010d\u00edm zne\u010di\u0161t\u011bna \u010di zakalena. Pr\u016fhlednost je m\u011b\u0159ena pouze v n\u011bkter\u00fdch m\u011bs\u00edc\u00edch &#8211; typicky od b\u0159ezna do \u0159\u00edjna ka\u017ed\u00e9ho roku.<\/p>\n<p class=\"rtecenter\"><img decoding=\"async\" style=\"width: 720px; height: 260px;\" src=\"http:\/\/www.pla.cz\/portal\/jvn\/grafy\/T02550000202600000000_Transp.png\" alt=\"Pr\u016fhlednost vody p\u0159ehrada Pastviny\" \/><\/p>\n<h2>Koeficient obm\u011bny vody v n\u00e1dr\u017ei<\/h2>\n<p>D\u00edky \u0159ece Orlice, kter\u00e1 se do p\u0159ehrady vl\u00e9v\u00e1 a z\u00e1rove\u0148 vyt\u00e9k\u00e1, je zaji\u0161\u0165ov\u00e1na pr\u016fb\u011b\u017en\u00e1 obm\u011bna vody. Jej\u00ed koeficient je celoro\u010dn\u011b sledov\u00e1n a lze ho porovnat oproti p\u0159edchoz\u00edmu roku na n\u00e1sleduj\u00edc\u00edm grafu.<\/p>\n<p class=\"rtecenter\"><img decoding=\"async\" style=\"width: 720px; height: 260px;\" src=\"http:\/\/www.pla.cz\/portal\/jvn\/grafy\/T02550000202600000000_Coeff.png\" alt=\"Koeficient obm\u011bny vody v n\u00e1dr\u017ei p\u0159ehrada Pastviny\" \/><\/p>\n<h2>Chlorofyl pod hladinou vody u hr\u00e1ze<\/h2>\n<p>Posledn\u00edm sledovan\u00fdm parametrem je m\u00edra chlorofylu pod hladinou vody u hr\u00e1ze. Op\u011bt m\u016f\u017eete porovnat m\u00edru chlorofylu aktu\u00e1ln\u00ed a z p\u0159edhoz\u00edho roku. Pro graf je vhodn\u00e9 porovnat hodnoty s n\u00e1sleduj\u00edc\u00edm p\u0159ehledem, abyste m\u011bli p\u0159edstavu, kdy je m\u00edra vhodn\u00e1.<\/p>\n<ul>\n<li>&lt; 2,5 v\u00fdborn\u00fd<\/li>\n<li>2,5 &#8211; 10 dobr\u00fd<\/li>\n<li>10 &#8211; 30 vyhovuj\u00edc\u00ed<\/li>\n<li>30 &#8211; 110 nevyhovuj\u00edc\u00ed<\/li>\n<li>&gt; 110 z\u00e1vadn\u00fd<\/li>\n<\/ul>\n<p class=\"rtecenter\"><img decoding=\"async\" style=\"width: 720px; height: 260px;\" src=\"http:\/\/www.pla.cz\/portal\/jvn\/grafy\/T02550000202600000000_Chlorofyl.png\" alt=\"M\u00edra chlorofylu pod hladinou vody p\u0159ehrady Pastviny\" \/><\/p>\n<p class=\"rteright\"><em>V\u0161echny grafy a m\u011b\u0159en\u00ed jsou z\u00edsk\u00e1v\u00e1ny z webov\u00fdch str\u00e1nek <a href=\"http:\/\/www.pla.cz\/portal\/jvn\/cz\/mereni_0255_hraz.htm\" target=\"_blank\" rel=\"noopener\">www.pla.cz<\/a>.<\/em><\/p>\n\n\n<p><\/p>\n","protected":false},"excerpt":{"rendered":"<p>Teplota vody Pastviny v roce 2025 N\u00ed\u017ee na grafu m\u016f\u017eete nal\u00e9zt teploty vody u hr\u00e1ze za posledn\u00ed dva roky. Plnou barvou je vypln\u011bna teplota vody p\u0159ehrady Pastviny z aktu\u00e1ln\u00edho roku, resp. linkou je nazna\u010dena teplota vody z minul\u00e9ho roku. Lze tedy p\u011bkn\u011b odhadnout, jak se bude teplota nad\u00e1le vyv\u00fdjet. Kvalita vody Pastviny v roce 2025 [&hellip;]<\/p>\n","protected":false},"author":5,"featured_media":0,"parent":0,"menu_order":0,"comment_status":"closed","ping_status":"closed","template":"","meta":{"_acf_changed":false,"footnotes":""},"class_list":["post-1766","page","type-page","status-publish","hentry","has-post-title","has-post-date","has-post-category","has-post-tag","has-post-comment","has-post-author",""],"acf":[],"yoast_head":"<!-- This site is optimized with the Yoast SEO plugin v27.4 - https:\/\/yoast.com\/product\/yoast-seo-wordpress\/ -->\n<title>Teplota a kvalita vody Pastviny | P\u0159ehrada Pastviny<\/title>\n<meta name=\"description\" content=\"Teplota a kvalita vody v p\u0159ehrad\u011b Pastviny. \u00dadaje o aktu\u00e1ln\u00edm stavu vody v n\u00e1dr\u017ei. Zjistit m\u016f\u017eete teplotu vody v n\u00e1dr\u017ei, kvalitu vody.\" \/>\n<meta name=\"robots\" content=\"index, follow, max-snippet:-1, max-image-preview:large, max-video-preview:-1\" \/>\n<link rel=\"canonical\" href=\"https:\/\/prehrada-pastviny.cz\/cs\/teplota-vody-pruhlednost-obmena-chlorofyl\/\" \/>\n<meta property=\"og:locale\" content=\"cs_CZ\" \/>\n<meta property=\"og:type\" content=\"article\" \/>\n<meta property=\"og:title\" content=\"Teplota a kvalita vody Pastviny | P\u0159ehrada Pastviny\" \/>\n<meta property=\"og:description\" content=\"Teplota a kvalita vody v p\u0159ehrad\u011b Pastviny. \u00dadaje o aktu\u00e1ln\u00edm stavu vody v n\u00e1dr\u017ei. Zjistit m\u016f\u017eete teplotu vody v n\u00e1dr\u017ei, kvalitu vody.\" \/>\n<meta property=\"og:url\" content=\"https:\/\/prehrada-pastviny.cz\/cs\/teplota-vody-pruhlednost-obmena-chlorofyl\/\" \/>\n<meta property=\"og:site_name\" content=\"P\u0159ehrada Pastviny\" \/>\n<meta property=\"article:publisher\" content=\"https:\/\/www.facebook.com\/pastviny\" \/>\n<meta property=\"article:modified_time\" content=\"2026-01-12T11:17:47+00:00\" \/>\n<meta property=\"og:image\" content=\"http:\/\/www.pla.cz\/portal\/jvn\/grafy\/T02550000202600000000_WTemp.png\" \/>\n<meta name=\"twitter:card\" content=\"summary_large_image\" \/>\n<meta name=\"twitter:label1\" content=\"Odhadovan\u00e1 doba \u010dten\u00ed\" \/>\n\t<meta name=\"twitter:data1\" content=\"3 minuty\" \/>\n<script type=\"application\/ld+json\" class=\"yoast-schema-graph\">{\"@context\":\"https:\\\/\\\/schema.org\",\"@graph\":[{\"@type\":\"WebPage\",\"@id\":\"https:\\\/\\\/prehrada-pastviny.cz\\\/cs\\\/teplota-vody-pruhlednost-obmena-chlorofyl\\\/\",\"url\":\"https:\\\/\\\/prehrada-pastviny.cz\\\/cs\\\/teplota-vody-pruhlednost-obmena-chlorofyl\\\/\",\"name\":\"Teplota a kvalita vody Pastviny | P\u0159ehrada Pastviny\",\"isPartOf\":{\"@id\":\"https:\\\/\\\/prehrada-pastviny.cz\\\/cs\\\/#website\"},\"primaryImageOfPage\":{\"@id\":\"https:\\\/\\\/prehrada-pastviny.cz\\\/cs\\\/teplota-vody-pruhlednost-obmena-chlorofyl\\\/#primaryimage\"},\"image\":{\"@id\":\"https:\\\/\\\/prehrada-pastviny.cz\\\/cs\\\/teplota-vody-pruhlednost-obmena-chlorofyl\\\/#primaryimage\"},\"thumbnailUrl\":\"http:\\\/\\\/www.pla.cz\\\/portal\\\/jvn\\\/grafy\\\/T02550000202600000000_WTemp.png\",\"datePublished\":\"2015-07-14T08:04:57+00:00\",\"dateModified\":\"2026-01-12T11:17:47+00:00\",\"description\":\"Teplota a kvalita vody v p\u0159ehrad\u011b Pastviny. \u00dadaje o aktu\u00e1ln\u00edm stavu vody v n\u00e1dr\u017ei. Zjistit m\u016f\u017eete teplotu vody v n\u00e1dr\u017ei, kvalitu vody.\",\"breadcrumb\":{\"@id\":\"https:\\\/\\\/prehrada-pastviny.cz\\\/cs\\\/teplota-vody-pruhlednost-obmena-chlorofyl\\\/#breadcrumb\"},\"inLanguage\":\"cs\",\"potentialAction\":[{\"@type\":\"ReadAction\",\"target\":[\"https:\\\/\\\/prehrada-pastviny.cz\\\/cs\\\/teplota-vody-pruhlednost-obmena-chlorofyl\\\/\"]}]},{\"@type\":\"ImageObject\",\"inLanguage\":\"cs\",\"@id\":\"https:\\\/\\\/prehrada-pastviny.cz\\\/cs\\\/teplota-vody-pruhlednost-obmena-chlorofyl\\\/#primaryimage\",\"url\":\"http:\\\/\\\/www.pla.cz\\\/portal\\\/jvn\\\/grafy\\\/T02550000202600000000_WTemp.png\",\"contentUrl\":\"http:\\\/\\\/www.pla.cz\\\/portal\\\/jvn\\\/grafy\\\/T02550000202600000000_WTemp.png\"},{\"@type\":\"BreadcrumbList\",\"@id\":\"https:\\\/\\\/prehrada-pastviny.cz\\\/cs\\\/teplota-vody-pruhlednost-obmena-chlorofyl\\\/#breadcrumb\",\"itemListElement\":[{\"@type\":\"ListItem\",\"position\":1,\"name\":\"Dom\u016f\",\"item\":\"https:\\\/\\\/prehrada-pastviny.cz\\\/cs\\\/\"},{\"@type\":\"ListItem\",\"position\":2,\"name\":\"Teplota a kvalita vody Pastviny\"}]},{\"@type\":\"WebSite\",\"@id\":\"https:\\\/\\\/prehrada-pastviny.cz\\\/cs\\\/#website\",\"url\":\"https:\\\/\\\/prehrada-pastviny.cz\\\/cs\\\/\",\"name\":\"P\u0159ehrada Pastviny\",\"description\":\"Pastvinsk\u00e1 P\u0159ehrada\",\"alternateName\":\"Pastvinsk\u00e1 p\u0159ehrada\",\"potentialAction\":[{\"@type\":\"SearchAction\",\"target\":{\"@type\":\"EntryPoint\",\"urlTemplate\":\"https:\\\/\\\/prehrada-pastviny.cz\\\/cs\\\/?s={search_term_string}\"},\"query-input\":{\"@type\":\"PropertyValueSpecification\",\"valueRequired\":true,\"valueName\":\"search_term_string\"}}],\"inLanguage\":\"cs\"}]}<\/script>\n<!-- \/ Yoast SEO plugin. -->","yoast_head_json":{"title":"Teplota a kvalita vody Pastviny | P\u0159ehrada Pastviny","description":"Teplota a kvalita vody v p\u0159ehrad\u011b Pastviny. \u00dadaje o aktu\u00e1ln\u00edm stavu vody v n\u00e1dr\u017ei. Zjistit m\u016f\u017eete teplotu vody v n\u00e1dr\u017ei, kvalitu vody.","robots":{"index":"index","follow":"follow","max-snippet":"max-snippet:-1","max-image-preview":"max-image-preview:large","max-video-preview":"max-video-preview:-1"},"canonical":"https:\/\/prehrada-pastviny.cz\/cs\/teplota-vody-pruhlednost-obmena-chlorofyl\/","og_locale":"cs_CZ","og_type":"article","og_title":"Teplota a kvalita vody Pastviny | P\u0159ehrada Pastviny","og_description":"Teplota a kvalita vody v p\u0159ehrad\u011b Pastviny. \u00dadaje o aktu\u00e1ln\u00edm stavu vody v n\u00e1dr\u017ei. Zjistit m\u016f\u017eete teplotu vody v n\u00e1dr\u017ei, kvalitu vody.","og_url":"https:\/\/prehrada-pastviny.cz\/cs\/teplota-vody-pruhlednost-obmena-chlorofyl\/","og_site_name":"P\u0159ehrada Pastviny","article_publisher":"https:\/\/www.facebook.com\/pastviny","article_modified_time":"2026-01-12T11:17:47+00:00","og_image":[{"url":"http:\/\/www.pla.cz\/portal\/jvn\/grafy\/T02550000202600000000_WTemp.png","type":"","width":"","height":""}],"twitter_card":"summary_large_image","twitter_misc":{"Odhadovan\u00e1 doba \u010dten\u00ed":"3 minuty"},"schema":{"@context":"https:\/\/schema.org","@graph":[{"@type":"WebPage","@id":"https:\/\/prehrada-pastviny.cz\/cs\/teplota-vody-pruhlednost-obmena-chlorofyl\/","url":"https:\/\/prehrada-pastviny.cz\/cs\/teplota-vody-pruhlednost-obmena-chlorofyl\/","name":"Teplota a kvalita vody Pastviny | P\u0159ehrada Pastviny","isPartOf":{"@id":"https:\/\/prehrada-pastviny.cz\/cs\/#website"},"primaryImageOfPage":{"@id":"https:\/\/prehrada-pastviny.cz\/cs\/teplota-vody-pruhlednost-obmena-chlorofyl\/#primaryimage"},"image":{"@id":"https:\/\/prehrada-pastviny.cz\/cs\/teplota-vody-pruhlednost-obmena-chlorofyl\/#primaryimage"},"thumbnailUrl":"http:\/\/www.pla.cz\/portal\/jvn\/grafy\/T02550000202600000000_WTemp.png","datePublished":"2015-07-14T08:04:57+00:00","dateModified":"2026-01-12T11:17:47+00:00","description":"Teplota a kvalita vody v p\u0159ehrad\u011b Pastviny. \u00dadaje o aktu\u00e1ln\u00edm stavu vody v n\u00e1dr\u017ei. Zjistit m\u016f\u017eete teplotu vody v n\u00e1dr\u017ei, kvalitu vody.","breadcrumb":{"@id":"https:\/\/prehrada-pastviny.cz\/cs\/teplota-vody-pruhlednost-obmena-chlorofyl\/#breadcrumb"},"inLanguage":"cs","potentialAction":[{"@type":"ReadAction","target":["https:\/\/prehrada-pastviny.cz\/cs\/teplota-vody-pruhlednost-obmena-chlorofyl\/"]}]},{"@type":"ImageObject","inLanguage":"cs","@id":"https:\/\/prehrada-pastviny.cz\/cs\/teplota-vody-pruhlednost-obmena-chlorofyl\/#primaryimage","url":"http:\/\/www.pla.cz\/portal\/jvn\/grafy\/T02550000202600000000_WTemp.png","contentUrl":"http:\/\/www.pla.cz\/portal\/jvn\/grafy\/T02550000202600000000_WTemp.png"},{"@type":"BreadcrumbList","@id":"https:\/\/prehrada-pastviny.cz\/cs\/teplota-vody-pruhlednost-obmena-chlorofyl\/#breadcrumb","itemListElement":[{"@type":"ListItem","position":1,"name":"Dom\u016f","item":"https:\/\/prehrada-pastviny.cz\/cs\/"},{"@type":"ListItem","position":2,"name":"Teplota a kvalita vody Pastviny"}]},{"@type":"WebSite","@id":"https:\/\/prehrada-pastviny.cz\/cs\/#website","url":"https:\/\/prehrada-pastviny.cz\/cs\/","name":"P\u0159ehrada Pastviny","description":"Pastvinsk\u00e1 P\u0159ehrada","alternateName":"Pastvinsk\u00e1 p\u0159ehrada","potentialAction":[{"@type":"SearchAction","target":{"@type":"EntryPoint","urlTemplate":"https:\/\/prehrada-pastviny.cz\/cs\/?s={search_term_string}"},"query-input":{"@type":"PropertyValueSpecification","valueRequired":true,"valueName":"search_term_string"}}],"inLanguage":"cs"}]}},"builder_content":"","_links":{"self":[{"href":"https:\/\/prehrada-pastviny.cz\/cs\/wp-json\/wp\/v2\/pages\/1766","targetHints":{"allow":["GET"]}}],"collection":[{"href":"https:\/\/prehrada-pastviny.cz\/cs\/wp-json\/wp\/v2\/pages"}],"about":[{"href":"https:\/\/prehrada-pastviny.cz\/cs\/wp-json\/wp\/v2\/types\/page"}],"author":[{"embeddable":true,"href":"https:\/\/prehrada-pastviny.cz\/cs\/wp-json\/wp\/v2\/users\/5"}],"replies":[{"embeddable":true,"href":"https:\/\/prehrada-pastviny.cz\/cs\/wp-json\/wp\/v2\/comments?post=1766"}],"version-history":[{"count":31,"href":"https:\/\/prehrada-pastviny.cz\/cs\/wp-json\/wp\/v2\/pages\/1766\/revisions"}],"predecessor-version":[{"id":3638,"href":"https:\/\/prehrada-pastviny.cz\/cs\/wp-json\/wp\/v2\/pages\/1766\/revisions\/3638"}],"wp:attachment":[{"href":"https:\/\/prehrada-pastviny.cz\/cs\/wp-json\/wp\/v2\/media?parent=1766"}],"curies":[{"name":"wp","href":"https:\/\/api.w.org\/{rel}","templated":true}]}}